{"id":9386,"date":"2024-01-01T11:21:26","date_gmt":"2024-01-01T11:21:26","guid":{"rendered":"https:\/\/eraclitea.it\/it\/?post_type=product&#038;p=9386"},"modified":"2024-09-26T09:25:17","modified_gmt":"2024-09-26T09:25:17","slug":"operatori-dei-servizi-ausiliari-alla-sicurezza-assistente-e-o-coordinatore-uni-119252023","status":"publish","type":"product","link":"https:\/\/eraclitea.it\/it\/prodotto\/operatori-dei-servizi-ausiliari-alla-sicurezza-assistente-e-o-coordinatore-uni-119252023\/","title":{"rendered":"Operatori dei servizi ausiliari alla sicurezza \u2013 Assistente e\/o Coordinatore &#8211; UNI 11925:2023"},"content":{"rendered":"<div class=\"et_pb_module et_pb_blurb et_pb_blurb_1_tb_body et_pb_text_align_left et_pb_blurb_position_left et_pb_bg_layout_light\">\n<table style=\"border: 0px; height: 244px; width: 721px;\">\n<tbody>\n<tr>\n<td style=\"width: 38.75px;\"><a href=\"https:\/\/eraclitea.it\/it\/wp-content\/uploads\/2021\/01\/orolo2.png\"><img loading=\"lazy\" decoding=\"async\" class=\"alignnone wp-image-887 \" src=\"https:\/\/eraclitea.it\/it\/wp-content\/uploads\/2021\/03\/tempo.png\" alt=\"\" width=\"33\" height=\"33\" \/><\/a><\/td>\n<td style=\"width: 147.841px;\">\n<h4 class=\"et_pb_module_header\">Durata del corso:<\/h4>\n<\/td>\n<td style=\"width: 515.114px;\">30 ore (on line)<\/td>\n<\/tr>\n<tr>\n<td style=\"width: 38.75px;\"><a href=\"https:\/\/eraclitea.it\/it\/wp-content\/uploads\/2021\/03\/Tavola-da-disegno-\u2013-13.png\"><img loading=\"lazy\" decoding=\"async\" class=\"alignnone wp-image-3710 \" src=\"https:\/\/eraclitea.it\/it\/wp-content\/uploads\/2021\/03\/Tavola-da-disegno-\u2013-13-300x300.png\" alt=\"\" width=\"39\" height=\"39\" srcset=\"https:\/\/eraclitea.it\/it\/wp-content\/uploads\/2021\/03\/Tavola-da-disegno-\u2013-13-300x300.png 300w, https:\/\/eraclitea.it\/it\/wp-content\/uploads\/2021\/03\/Tavola-da-disegno-\u2013-13-150x150.png 150w, https:\/\/eraclitea.it\/it\/wp-content\/uploads\/2021\/03\/Tavola-da-disegno-\u2013-13-100x100.png 100w, https:\/\/eraclitea.it\/it\/wp-content\/uploads\/2021\/03\/Tavola-da-disegno-\u2013-13-64x64.png 64w, https:\/\/eraclitea.it\/it\/wp-content\/uploads\/2021\/03\/Tavola-da-disegno-\u2013-13.png 400w\" sizes=\"(max-width: 39px) 100vw, 39px\" \/><\/a><\/td>\n<td style=\"width: 147.841px;\">\n<h4>N. Partecipanti:<\/h4>\n<\/td>\n<td style=\"width: 515.114px;\">Nessun limite<\/td>\n<\/tr>\n<tr>\n<td style=\"width: 38.75px;\"><a href=\"https:\/\/eraclitea.it\/it\/wp-content\/uploads\/2021\/04\/Tavola-da-disegno-\u2013-13-2.png\"><img loading=\"lazy\" decoding=\"async\" class=\"alignnone size-medium wp-image-5967\" src=\"https:\/\/eraclitea.it\/it\/wp-content\/uploads\/2021\/04\/Tavola-da-disegno-\u2013-13-2-300x300.png\" alt=\"\" width=\"300\" height=\"300\" \/><\/a><\/td>\n<td style=\"width: 147.841px;\">\n<h4>A chi \u00e8 rivolto:<\/h4>\n<\/td>\n<td style=\"width: 515.114px;\">\n<ul>\n<li>Chiunque intenda svolgere la professione di Operatore dei servizi ausiliari alla sicurezza \u2013 Assistente e\/o Coordinatore (in possesso diploma di scuola secondaria di primo grado)<\/li>\n<\/ul>\n<\/td>\n<\/tr>\n<\/tbody>\n<\/table>\n<\/div>\n<p>&nbsp;<\/p>\n<h3>Obiettivo del corso<\/h3>\n<p>Saper poter assolvere ai compiti previsti per l\u2019Assistente e\/o per il Coordinatore a livello di autonomia e responsabilit\u00e0 come specificati nella Norma UNI 11925:2023.<\/p>\n<p>La norma definisce i requisiti relativi all\u2019attivit\u00e0 professionale degli operatori dei servizi ausiliari alla sicurezza, ossia gli addetti di imprese incaricate della gestione del patrimonio di una organizzazione al fine di assicurarne i requisiti di fruibilit\u00e0, disponibilit\u00e0, funzionalit\u00e0.<\/p>\n<p>&nbsp;<\/p>\n<h3>Destinatari<\/h3>\n<p>coloro che intendono svolgere le seguenti attivit\u00e0:<\/p>\n<ul>\n<li>Portierato<\/li>\n<li>Monitoraggio delle aree<\/li>\n<li>Gestione dei flussi di ingresso e uscita di persone e mezzi<\/li>\n<li>Informazione e controllo degli accessi<\/li>\n<li>Accoglienza e assistenza<\/li>\n<\/ul>\n<p><strong>\u00a0<\/strong><\/p>\n<h3><\/h3>\n<h3>Programma<\/h3>\n<div class='et-learn-more clearfix'>\n\t\t\t\t\t<h3 class='heading-more'>Area Giuridica <span class='et_learnmore_arrow'><span><\/span><\/span><\/h3>\n\t\t\t\t\t<div class='learn-more-content'><p>Elementi di diritto pubblico e privato:<\/p>\n<ul>\n<li style=\"list-style-type: none;\">\n<ul>\n<li>La Costituzione: principi fondamentali e diritti dei cittadini;<\/li>\n<li>Le Forze di Polizia: organizzazione, compiti riservati;<\/li>\n<li>La propriet\u00e0 ed il possesso: definizioni, tutele;<\/li>\n<li>Luogo pubblico, luogo privato, luogo aperto al pubblico;<\/li>\n<li>I fatti illeciti: definizioni, requisiti, responsabilit\u00e0;<\/li>\n<li>Le ispezioni e perquisizioni: definizioni, requisiti;<\/li>\n<li>L\u2019arresto da parte di privati: casistica, requisiti;<\/li>\n<li>La legittima difesa ed eccesso di difesa: definizioni, requisiti, presupposti;<\/li>\n<li>Delitti particolari: usurpazione di funzioni pubbliche, procurato allarme presso l\u2019autorit\u00e0;<\/li>\n<li>Protezione dei dati personali: cenni GDPR, trattamenti.<\/li>\n<\/ul>\n<\/li>\n<\/ul><\/div>\n\t\t\t\t<\/div>\n<div class='et-learn-more clearfix'>\n\t\t\t\t\t<h3 class='heading-more'>Area Psicologico-Sociale<span class='et_learnmore_arrow'><span><\/span><\/span><\/h3>\n\t\t\t\t\t<div class='learn-more-content'><p>Elementi di:<\/p>\n<ul>\n<li>Psicologia Generale e Comportamentale: Definizione, caratteristiche ed evoluzione della psicologia della sicurezza, Condizioni psichiche per la sicurezza, Percezione e psicologia del rischio, Psicologia dell\u2019emergenza.<\/li>\n<li>Crisis Management.<\/li>\n<li>Reputation Management ed etica aziendale.<\/li>\n<li>Comunicazione: la comunicazione aziendale interna ed esterna, la comunicazione in caso di crisi, la comunicazione non conflittuale.<\/li>\n<\/ul><\/div>\n\t\t\t\t<\/div>\n<div class='et-learn-more clearfix'>\n\t\t\t\t\t<h3 class='heading-more'>Area Tecnica<span class='et_learnmore_arrow'><span><\/span><\/span><\/h3>\n\t\t\t\t\t<div class='learn-more-content'><ul>\n<li>Utilizzo dei sistemi tecnologici a supporto della sicurezza, simulazione pratica di casi.<\/li>\n<li>Elementi di Facility Management.<\/li>\n<li>Cenni di pronto intervento (Primo soccorso e antincendio), simulazione pratica di casi.<\/li>\n<\/ul><\/div>\n\t\t\t\t<\/div>\n<h3><\/h3>\n<p>&nbsp;<\/p>\n<h3>Certificazione<\/h3>\n<p>A conclusione del percorso didattico l\u2019utente ricever\u00e0 l\u2019attestato di frequenza ai sensi della Norma UNI 11925:2023<\/p>\n<p style=\"text-align: justify;\"><strong>N.B<\/strong>.: Inoltre, gli interessati, dopo la conclusione del corso, il pagamento delle relative tasse e il superamento degli esami previsti, potranno ottenere la certificazione delle competenze rilasciata da ICMQ, \u201cEnte di certificazione riconosciuto da Accredia\u201d, secondo la norma UNI 11925:2023. Tale certificazione attesta la conoscenza, le abilit\u00e0, l\u2019autonomia e la responsabilit\u00e0 degli Operatori dei servizi ausiliari alla sicurezza.<\/p>\n<p><code><\/code><\/p>\n","protected":false},"excerpt":{"rendered":"<h4>30 ore<\/h4>\n<p>Norma UNI 11925:2023 &#8211; formazione obbligatoria per l\u2019Assistente e\/o per il Coordinatore<\/p>\n","protected":false},"featured_media":9411,"comment_status":"open","ping_status":"closed","template":"","meta":{"_et_pb_use_builder":"off","_et_pb_old_content":"OBIETTIVI DEL CORSO\r\n\r\nIl corso di qualifica per Operatore Socio Sanitario \u00e8 volto a formare operatori in grado di intervenire nelle situazioni caratterizzate da mancanza temporanea e\/o permanente di autonomia psicofisica. Grazie alla formazione teorico-pratica e al tirocinio pratico, gli allievi avranno l\u2019opportunit\u00e0 di sviluppare competenze professionali volte a:\r\n<ul>\r\n \t<li>identificare, classificare ed interpretare le problematiche delle diverse tipologie di utenze (minori, anziani, persone con disabilit\u00e0, pazienti oncologici);<\/li>\r\n \t<li>conoscere l\u2019organizzazione dei servizi sociali e sanitari; acquisire elementi di igiene e prevenzione e di anatomia, fisiologia e dietetica;<\/li>\r\n \t<li>identificare gli elementi necessari alla pianificazione dell\u2019assistenza e applicare le conoscenze acquisite per mantenere un ambiente terapeutico adeguato alla cura della persona e per applicare le diverse metodologie operative di carattere sanitario sugli assistiti.<\/li>\r\n<\/ul>\r\nIL CORSO E\u2019 ACCREDITATO DALLA REGIONE SICILIANA, ASSESSORATO ALLA SALUTE, AI SENSI DEL DECRETO DEL 12 AGOSTO 2020 (GURS N. 45\/2020) e ACCORDO STATO REGIONI DEL 22 FEBBRAIO 2001.\r\n\r\nPROGRAMMA \u2013 le materie di insegnamento sono articolate nelle seguenti aree disciplinari","_et_gb_content_width":"","_joinchat":[]},"product_brand":[],"product_cat":[47,105,38],"product_tag":[134,89],"class_list":{"0":"post-9386","1":"product","2":"type-product","3":"status-publish","4":"has-post-thumbnail","6":"product_cat-online","7":"product_cat-sicurezza-sussidiaria","8":"product_cat-vigilanza-e-investigazione","9":"product_tag-sicurezza-sussidiaria","10":"product_tag-vigilanza-e-investigazione","12":"first","13":"instock","14":"shipping-taxable","15":"product-type-simple"},"yoast_head":"<!-- This site is optimized with the Yoast SEO plugin v27.0 - https:\/\/yoast.com\/product\/yoast-seo-wordpress\/ -->\n<title>Operatori dei servizi ausiliari alla sicurezza \u2013 Assistente e\/o Coordinatore - UNI 11925:2023 - Accademia Eraclitea<\/title>\n<meta name=\"robots\" content=\"index, follow, max-snippet:-1, max-image-preview:large, max-video-preview:-1\" \/>\n<link rel=\"canonical\" href=\"https:\/\/eraclitea.it\/it\/prodotto\/operatori-dei-servizi-ausiliari-alla-sicurezza-assistente-e-o-coordinatore-uni-119252023\/\" \/>\n<meta property=\"og:locale\" content=\"it_IT\" \/>\n<meta property=\"og:type\" content=\"article\" \/>\n<meta property=\"og:title\" content=\"Operatori dei servizi ausiliari alla sicurezza \u2013 Assistente e\/o Coordinatore - UNI 11925:2023 - Accademia Eraclitea\" \/>\n<meta property=\"og:description\" content=\"30 ore Norma UNI 11925:2023 - formazione obbligatoria per l\u2019Assistente e\/o per il Coordinatore\" \/>\n<meta property=\"og:url\" content=\"https:\/\/eraclitea.it\/it\/prodotto\/operatori-dei-servizi-ausiliari-alla-sicurezza-assistente-e-o-coordinatore-uni-119252023\/\" \/>\n<meta property=\"og:site_name\" content=\"Accademia Eraclitea\" \/>\n<meta property=\"article:modified_time\" content=\"2024-09-26T09:25:17+00:00\" \/>\n<meta property=\"og:image\" content=\"https:\/\/eraclitea.it\/it\/wp-content\/uploads\/2024\/01\/UNI_11925-2023_111.png\" \/>\n\t<meta property=\"og:image:width\" content=\"300\" \/>\n\t<meta property=\"og:image:height\" content=\"200\" \/>\n\t<meta property=\"og:image:type\" content=\"image\/png\" \/>\n<meta name=\"twitter:card\" content=\"summary_large_image\" \/>\n<meta name=\"twitter:label1\" content=\"Tempo di lettura stimato\" \/>\n\t<meta name=\"twitter:data1\" content=\"3 minuti\" \/>\n<script type=\"application\/ld+json\" class=\"yoast-schema-graph\">{\"@context\":\"https:\/\/schema.org\",\"@graph\":[{\"@type\":\"WebPage\",\"@id\":\"https:\/\/eraclitea.it\/it\/prodotto\/operatori-dei-servizi-ausiliari-alla-sicurezza-assistente-e-o-coordinatore-uni-119252023\/\",\"url\":\"https:\/\/eraclitea.it\/it\/prodotto\/operatori-dei-servizi-ausiliari-alla-sicurezza-assistente-e-o-coordinatore-uni-119252023\/\",\"name\":\"Operatori dei servizi ausiliari alla sicurezza \u2013 Assistente e\/o Coordinatore - UNI 11925:2023 - Accademia Eraclitea\",\"isPartOf\":{\"@id\":\"https:\/\/eraclitea.it\/it\/#website\"},\"primaryImageOfPage\":{\"@id\":\"https:\/\/eraclitea.it\/it\/prodotto\/operatori-dei-servizi-ausiliari-alla-sicurezza-assistente-e-o-coordinatore-uni-119252023\/#primaryimage\"},\"image\":{\"@id\":\"https:\/\/eraclitea.it\/it\/prodotto\/operatori-dei-servizi-ausiliari-alla-sicurezza-assistente-e-o-coordinatore-uni-119252023\/#primaryimage\"},\"thumbnailUrl\":\"https:\/\/eraclitea.it\/it\/wp-content\/uploads\/2024\/01\/UNI_11925-2023_111.png\",\"datePublished\":\"2024-01-01T11:21:26+00:00\",\"dateModified\":\"2024-09-26T09:25:17+00:00\",\"breadcrumb\":{\"@id\":\"https:\/\/eraclitea.it\/it\/prodotto\/operatori-dei-servizi-ausiliari-alla-sicurezza-assistente-e-o-coordinatore-uni-119252023\/#breadcrumb\"},\"inLanguage\":\"it-IT\",\"potentialAction\":[{\"@type\":\"ReadAction\",\"target\":[\"https:\/\/eraclitea.it\/it\/prodotto\/operatori-dei-servizi-ausiliari-alla-sicurezza-assistente-e-o-coordinatore-uni-119252023\/\"]}]},{\"@type\":\"ImageObject\",\"inLanguage\":\"it-IT\",\"@id\":\"https:\/\/eraclitea.it\/it\/prodotto\/operatori-dei-servizi-ausiliari-alla-sicurezza-assistente-e-o-coordinatore-uni-119252023\/#primaryimage\",\"url\":\"https:\/\/eraclitea.it\/it\/wp-content\/uploads\/2024\/01\/UNI_11925-2023_111.png\",\"contentUrl\":\"https:\/\/eraclitea.it\/it\/wp-content\/uploads\/2024\/01\/UNI_11925-2023_111.png\",\"width\":300,\"height\":200},{\"@type\":\"BreadcrumbList\",\"@id\":\"https:\/\/eraclitea.it\/it\/prodotto\/operatori-dei-servizi-ausiliari-alla-sicurezza-assistente-e-o-coordinatore-uni-119252023\/#breadcrumb\",\"itemListElement\":[{\"@type\":\"ListItem\",\"position\":1,\"name\":\"Home\",\"item\":\"https:\/\/eraclitea.it\/it\/\"},{\"@type\":\"ListItem\",\"position\":2,\"name\":\"Corsi\",\"item\":\"https:\/\/eraclitea.it\/it\/corsi\/\"},{\"@type\":\"ListItem\",\"position\":3,\"name\":\"Operatori dei servizi ausiliari alla sicurezza \u2013 Assistente e\/o Coordinatore &#8211; UNI 11925:2023\"}]},{\"@type\":\"WebSite\",\"@id\":\"https:\/\/eraclitea.it\/it\/#website\",\"url\":\"https:\/\/eraclitea.it\/it\/\",\"name\":\"Accademia Eraclitea\",\"description\":\"Ente di Ricerca e di Alta Formazione Accreditato\",\"potentialAction\":[{\"@type\":\"SearchAction\",\"target\":{\"@type\":\"EntryPoint\",\"urlTemplate\":\"https:\/\/eraclitea.it\/it\/?s={search_term_string}\"},\"query-input\":{\"@type\":\"PropertyValueSpecification\",\"valueRequired\":true,\"valueName\":\"search_term_string\"}}],\"inLanguage\":\"it-IT\"}]}<\/script>\n<!-- \/ Yoast SEO plugin. -->","yoast_head_json":{"title":"Operatori dei servizi ausiliari alla sicurezza \u2013 Assistente e\/o Coordinatore - UNI 11925:2023 - Accademia Eraclitea","robots":{"index":"index","follow":"follow","max-snippet":"max-snippet:-1","max-image-preview":"max-image-preview:large","max-video-preview":"max-video-preview:-1"},"canonical":"https:\/\/eraclitea.it\/it\/prodotto\/operatori-dei-servizi-ausiliari-alla-sicurezza-assistente-e-o-coordinatore-uni-119252023\/","og_locale":"it_IT","og_type":"article","og_title":"Operatori dei servizi ausiliari alla sicurezza \u2013 Assistente e\/o Coordinatore - UNI 11925:2023 - Accademia Eraclitea","og_description":"30 ore Norma UNI 11925:2023 - formazione obbligatoria per l\u2019Assistente e\/o per il Coordinatore","og_url":"https:\/\/eraclitea.it\/it\/prodotto\/operatori-dei-servizi-ausiliari-alla-sicurezza-assistente-e-o-coordinatore-uni-119252023\/","og_site_name":"Accademia Eraclitea","article_modified_time":"2024-09-26T09:25:17+00:00","og_image":[{"width":300,"height":200,"url":"https:\/\/eraclitea.it\/it\/wp-content\/uploads\/2024\/01\/UNI_11925-2023_111.png","type":"image\/png"}],"twitter_card":"summary_large_image","twitter_misc":{"Tempo di lettura stimato":"3 minuti"},"schema":{"@context":"https:\/\/schema.org","@graph":[{"@type":"WebPage","@id":"https:\/\/eraclitea.it\/it\/prodotto\/operatori-dei-servizi-ausiliari-alla-sicurezza-assistente-e-o-coordinatore-uni-119252023\/","url":"https:\/\/eraclitea.it\/it\/prodotto\/operatori-dei-servizi-ausiliari-alla-sicurezza-assistente-e-o-coordinatore-uni-119252023\/","name":"Operatori dei servizi ausiliari alla sicurezza \u2013 Assistente e\/o Coordinatore - UNI 11925:2023 - Accademia Eraclitea","isPartOf":{"@id":"https:\/\/eraclitea.it\/it\/#website"},"primaryImageOfPage":{"@id":"https:\/\/eraclitea.it\/it\/prodotto\/operatori-dei-servizi-ausiliari-alla-sicurezza-assistente-e-o-coordinatore-uni-119252023\/#primaryimage"},"image":{"@id":"https:\/\/eraclitea.it\/it\/prodotto\/operatori-dei-servizi-ausiliari-alla-sicurezza-assistente-e-o-coordinatore-uni-119252023\/#primaryimage"},"thumbnailUrl":"https:\/\/eraclitea.it\/it\/wp-content\/uploads\/2024\/01\/UNI_11925-2023_111.png","datePublished":"2024-01-01T11:21:26+00:00","dateModified":"2024-09-26T09:25:17+00:00","breadcrumb":{"@id":"https:\/\/eraclitea.it\/it\/prodotto\/operatori-dei-servizi-ausiliari-alla-sicurezza-assistente-e-o-coordinatore-uni-119252023\/#breadcrumb"},"inLanguage":"it-IT","potentialAction":[{"@type":"ReadAction","target":["https:\/\/eraclitea.it\/it\/prodotto\/operatori-dei-servizi-ausiliari-alla-sicurezza-assistente-e-o-coordinatore-uni-119252023\/"]}]},{"@type":"ImageObject","inLanguage":"it-IT","@id":"https:\/\/eraclitea.it\/it\/prodotto\/operatori-dei-servizi-ausiliari-alla-sicurezza-assistente-e-o-coordinatore-uni-119252023\/#primaryimage","url":"https:\/\/eraclitea.it\/it\/wp-content\/uploads\/2024\/01\/UNI_11925-2023_111.png","contentUrl":"https:\/\/eraclitea.it\/it\/wp-content\/uploads\/2024\/01\/UNI_11925-2023_111.png","width":300,"height":200},{"@type":"BreadcrumbList","@id":"https:\/\/eraclitea.it\/it\/prodotto\/operatori-dei-servizi-ausiliari-alla-sicurezza-assistente-e-o-coordinatore-uni-119252023\/#breadcrumb","itemListElement":[{"@type":"ListItem","position":1,"name":"Home","item":"https:\/\/eraclitea.it\/it\/"},{"@type":"ListItem","position":2,"name":"Corsi","item":"https:\/\/eraclitea.it\/it\/corsi\/"},{"@type":"ListItem","position":3,"name":"Operatori dei servizi ausiliari alla sicurezza \u2013 Assistente e\/o Coordinatore &#8211; UNI 11925:2023"}]},{"@type":"WebSite","@id":"https:\/\/eraclitea.it\/it\/#website","url":"https:\/\/eraclitea.it\/it\/","name":"Accademia Eraclitea","description":"Ente di Ricerca e di Alta Formazione Accreditato","potentialAction":[{"@type":"SearchAction","target":{"@type":"EntryPoint","urlTemplate":"https:\/\/eraclitea.it\/it\/?s={search_term_string}"},"query-input":{"@type":"PropertyValueSpecification","valueRequired":true,"valueName":"search_term_string"}}],"inLanguage":"it-IT"}]}},"jetpack_sharing_enabled":true,"_links":{"self":[{"href":"https:\/\/eraclitea.it\/it\/wp-json\/wp\/v2\/product\/9386","targetHints":{"allow":["GET"]}}],"collection":[{"href":"https:\/\/eraclitea.it\/it\/wp-json\/wp\/v2\/product"}],"about":[{"href":"https:\/\/eraclitea.it\/it\/wp-json\/wp\/v2\/types\/product"}],"replies":[{"embeddable":true,"href":"https:\/\/eraclitea.it\/it\/wp-json\/wp\/v2\/comments?post=9386"}],"wp:featuredmedia":[{"embeddable":true,"href":"https:\/\/eraclitea.it\/it\/wp-json\/wp\/v2\/media\/9411"}],"wp:attachment":[{"href":"https:\/\/eraclitea.it\/it\/wp-json\/wp\/v2\/media?parent=9386"}],"wp:term":[{"taxonomy":"product_brand","embeddable":true,"href":"https:\/\/eraclitea.it\/it\/wp-json\/wp\/v2\/product_brand?post=9386"},{"taxonomy":"product_cat","embeddable":true,"href":"https:\/\/eraclitea.it\/it\/wp-json\/wp\/v2\/product_cat?post=9386"},{"taxonomy":"product_tag","embeddable":true,"href":"https:\/\/eraclitea.it\/it\/wp-json\/wp\/v2\/product_tag?post=9386"}],"curies":[{"name":"wp","href":"https:\/\/api.w.org\/{rel}","templated":true}]}}