{"id":4502,"date":"2021-04-01T10:09:48","date_gmt":"2021-04-01T10:09:48","guid":{"rendered":"https:\/\/eraclitea.it\/eracliteait\/?post_type=product&#038;p=4502"},"modified":"2021-08-10T09:48:18","modified_gmt":"2021-08-10T09:48:18","slug":"guardie-particolari-giurate-formazione-base-obbligatoria","status":"publish","type":"product","link":"https:\/\/eraclitea.it\/it\/prodotto\/guardie-particolari-giurate-formazione-base-obbligatoria\/","title":{"rendered":"Guardie Particolari Giurate &#8211; formazione base obbligatoria"},"content":{"rendered":"<table style=\"border: 0px; height: 244px; width: 721px;\">\n<tbody>\n<tr>\n<td style=\"width: 38.75px;\"><a href=\"https:\/\/eraclitea.it\/it\/wp-content\/uploads\/2021\/01\/orolo2.png\"><img loading=\"lazy\" decoding=\"async\" class=\"alignnone wp-image-887 \" src=\"https:\/\/eraclitea.it\/it\/wp-content\/uploads\/2021\/03\/tempo.png\" alt=\"\" width=\"33\" height=\"33\" \/><\/a><\/td>\n<td style=\"width: 147.841px;\">\n<h4 class=\"et_pb_module_header\">Durata del corso:<\/h4>\n<\/td>\n<td style=\"width: 515.114px;\">48 ore<\/td>\n<\/tr>\n<tr>\n<td style=\"width: 38.75px;\"><a href=\"https:\/\/eraclitea.it\/it\/wp-content\/uploads\/2021\/03\/Tavola-da-disegno-\u2013-13.png\"><img loading=\"lazy\" decoding=\"async\" class=\"alignnone wp-image-3710 \" src=\"https:\/\/eraclitea.it\/it\/wp-content\/uploads\/2021\/03\/Tavola-da-disegno-\u2013-13-300x300.png\" alt=\"\" width=\"39\" height=\"39\" srcset=\"https:\/\/eraclitea.it\/it\/wp-content\/uploads\/2021\/03\/Tavola-da-disegno-\u2013-13-300x300.png 300w, https:\/\/eraclitea.it\/it\/wp-content\/uploads\/2021\/03\/Tavola-da-disegno-\u2013-13-150x150.png 150w, https:\/\/eraclitea.it\/it\/wp-content\/uploads\/2021\/03\/Tavola-da-disegno-\u2013-13-100x100.png 100w, https:\/\/eraclitea.it\/it\/wp-content\/uploads\/2021\/03\/Tavola-da-disegno-\u2013-13-64x64.png 64w, https:\/\/eraclitea.it\/it\/wp-content\/uploads\/2021\/03\/Tavola-da-disegno-\u2013-13.png 400w\" sizes=\"(max-width: 39px) 100vw, 39px\" \/><\/a><\/td>\n<td style=\"width: 147.841px;\">\n<h4>N. Partecipanti:<\/h4>\n<\/td>\n<td style=\"width: 515.114px;\"><\/td>\n<\/tr>\n<tr>\n<td style=\"width: 38.75px;\"><a href=\"https:\/\/eraclitea.it\/it\/wp-content\/uploads\/2021\/04\/Tavola-da-disegno-\u2013-13-2.png\"><img loading=\"lazy\" decoding=\"async\" class=\"alignnone size-medium wp-image-5967\" src=\"https:\/\/eraclitea.it\/it\/wp-content\/uploads\/2021\/04\/Tavola-da-disegno-\u2013-13-2-300x300.png\" alt=\"\" width=\"300\" height=\"300\" \/><\/a><\/td>\n<td style=\"width: 147.841px;\">\n<h4>A chi \u00e8 rivolto:<\/h4>\n<\/td>\n<td style=\"width: 515.114px;\"><\/td>\n<\/tr>\n<\/tbody>\n<\/table>\n<div class=\"et_pb_module et_pb_blurb et_pb_blurb_1_tb_body et_pb_text_align_left et_pb_blurb_position_left et_pb_bg_layout_light\"><\/div>\n<div><\/div>\n<div><\/div>\n<div><\/div>\n<div>\n<h3>Finalita\u2019 e obiettivi formativi del corso<\/h3>\n<\/div>\n<p>La Guardia Guardia Particolare Giurata (G.P.G.), deve possedere i requisiti psico-fisico-attitudinali, morali, legali e tecnici utili al fine di ottenere la qualifica rilasciata dal Prefetto competente territorialmente, a tutelare i beni, mobili ed immobili di privati o enti anche pubblici sensi dell&#8217;art. 133 del T.U.L.P.S.<\/p>\n<p>Le Guardie Giurate fanno riferimento quasi sempre ad un Istituto di vigilanza privata; \u00e8 inquadrata giuridicamente come \u201cincaricato di pubblico servizio\u201d.<\/p>\n<p>In questi ultimi anni la Guardia Giurata ha assunto un ruolo sociale sempre pi\u00f9 importante nell\u2019ambito della sicurezza, a tal punto da meritare una regolamentazione specifica per la sua formazione tramite il Decreto Ministeriale del 1 dicembre 2010 n. 269.<\/p>\n<p>Alle G.P.G. che prestano servizio armato vengono rilasciate due differenti &#8220;Autorizzazioni di Polizia&#8221; questo perch\u00e9 in qualche luogo i regolamenti delle Questure prevedono solo il servizio disarmato, come nel caso del controllo negli aeroporti.<\/p>\n<p>Alle G.P.G. armate viene poi concesso dalla legge meno potere nell&#8217;uso delle armi rispetto ai &#8220;Pubblici Ufficiali&#8221; infatti, le GPG anche in servizio, possono farne uso solo per legittima difesa (anche di terze persone); e gliene viene concesso l&#8217;uso legittimo come agli Agenti e Ufficiali di Pubblica Sicurezza, per la repressione in flagranza di determinati delitti.<\/p>\n<p>Il corso per aspirante Guardia Particolare Giurata si propone di fornire una preparazione teorico-pratica che consenta l\u2019acquisizione di competenze e di capacit\u00e0 professionali richieste dalla normativa vigente per diventare guardie giurate, infatti, con l\u2019entrata in vigore del Decreto Ministeriale n. 269\/2010, a partire da marzo 2011, tutti coloro che intendono intraprendere questa professione, oltre ai vari requisiti previsti dalle norme vigenti, devono obbligatoriamente aver frequentato un apposito corso di formazione valido.<\/p>\n<p>La preparazione preventiva e\u2019 un\u2019ottima base di partenza per la richiesta di assunzione presso qualunque Istituto di Vigilanza, al quale avr\u00e0 cos\u00ec modo di presentarsi con una precisa e completa formazione professionale che dar\u00e0 un ottimo vantaggio nelle selezioni rispetto a coloro che giungono agli Istituti privi di questa specifica formazione.<\/p>\n<p>Oggi, gli Istituti di Vigilanza Privata necessitano di personale altamente preparato, addestrato e motivato per lo svolgimento non solo di tutti i servizi di sorveglianza, scorte e trasporto valori ma principalmente con conoscenza ed utilizzo dei moderni sistemi tecnologici di controllo remoto.<\/p>\n<h3><\/h3>\n<h3>Requisiti e documenti<\/h3>\n<ul>\n<li>et\u00e0 superiore ai 18 anni<\/li>\n<li>assolvimento dell\u2019obbligo scolastico<\/li>\n<li>buona forma fisica e assenza di uso di stupefacenti e alcool (da certificato medico)<\/li>\n<li>buon equilibrio psicologico e assenza di patologie e disturbi psichici (da certificato medico)<\/li>\n<li>assenza di condanne penali e carichi pendenti o di provvedimenti di tipo interdittivo (certificato del Casellario Giudiziale e dei Carichi Pendenti)<\/li>\n<\/ul>\n<h3><\/h3>\n<h3>Progamma<\/h3>\n<div class='et-learn-more clearfix'>\n\t\t\t\t\t<h3 class='heading-more'>MODULO FORMATIVO <span class='et_learnmore_arrow'><span><\/span><\/span><\/h3>\n\t\t\t\t\t<div class='learn-more-content'><ul>\n<li>conoscenza delle norme che regolano l&#8217;attivit\u00e0 di vigilanza privata e le mansioni di guardia particolare giurata, nonch\u00e9, quelle sulla sicurezza sul lavoro;<\/li>\n<li>conoscenza delle prescrizioni ed apprendimento teorico delle tecniche operative per l&#8217;esecuzione dei servizi;<\/li>\n<li>conoscenza dell\u2019organizzazione aziendale e descrizione delle modalit\u00e0 di organizzazione delle varie tipologie dei servizi:<\/li>\n<li>acquisizione delle conoscenze tecniche operative relative all&#8217;uso, maneggio, cura e custodia delle armi;<\/li>\n<li>addestramento all\u2019utilizzo degli apparati ricetrasmittenti, nonch\u00e9 di ogni altra apparecchiatura tecnologica utilizzata quale dotazione;<\/li>\n<li>conoscenza approfondita delle norme del T.U.L.P.S. in materia di vigilanza privata;<\/li>\n<li>regolamento di attuazione e decreti collegati nonch\u00e9 prescrizioni emanate dall\u2019Autorit\u00e0 di P.S.;<\/li>\n<li>nozioni di diritto e procedura penale con approfondimento degli aspetti normativi relativi all\u2019uso legittimo delle armi, porto, trasporto, uso, custodia e detenzione armi;<\/li>\n<li>Psicologia comportamentale;<\/li>\n<li>Comunicazione non verbale;<\/li>\n<li>nozioni di diritto costituzionale;<\/li>\n<li>contrattazione collettiva di comparto;<\/li>\n<li>legislazione in materia di lavoro;<\/li>\n<li>aspetti etico professionali;<\/li>\n<li>servizi antirapina;<\/li>\n<li>trasporto e scorta valori;<\/li>\n<li>analisti di alcuni fatti di cronaca riguardanti i reati contro il patrimonio accaduti, tecniche e le strategie per prevenire ovvero contrastare adeguatamente le azioni criminose;<\/li>\n<li>conoscenza delle prescrizioni ed apprendimento pratico delle tecniche operative per l&#8217;esecuzione dei servizi.<\/li>\n<\/ul><\/div>\n\t\t\t\t<\/div>\n<h3><\/h3>\n<h3>Certificazione<\/h3>\n<p>Attestato di frequenza al corso di \u201cASPIRANTE GUARDIA PARTICOLARE GIURATA\u201d &#8211; Decreto Ministeriale del 1 dicembre 2010 n. 269\u201d.<\/p>\n<p><strong>L&#8217;attestato verr\u00e0 rilasciato previo superamento dell&#8217;esame finale.<\/strong><\/p>\n<p>&nbsp;<\/p>\n<p>&nbsp;<\/p>\n<p>&nbsp;<\/p>\n<p>&nbsp;<\/p>\n<p><code><\/code><\/p>\n","protected":false},"excerpt":{"rendered":"<h4>48 ore<\/h4>\n<p>Attestato di frequenza al corso di \u201cASPIRANTE GUARDIA PARTICOLARE GIURATA\u201d &#8211; Decreto Ministeriale del 1 dicembre 2010 n. 269\u201d.<\/p>\n","protected":false},"featured_media":6550,"comment_status":"open","ping_status":"closed","template":"","meta":{"_et_pb_use_builder":"off","_et_pb_old_content":"OBIETTIVI DEL CORSO\r\n\r\nIl corso di qualifica per Operatore Socio Sanitario \u00e8 volto a formare operatori in grado di intervenire nelle situazioni caratterizzate da mancanza temporanea e\/o permanente di autonomia psicofisica. Grazie alla formazione teorico-pratica e al tirocinio pratico, gli allievi avranno l\u2019opportunit\u00e0 di sviluppare competenze professionali volte a:\r\n<ul>\r\n \t<li>identificare, classificare ed interpretare le problematiche delle diverse tipologie di utenze (minori, anziani, persone con disabilit\u00e0, pazienti oncologici);<\/li>\r\n \t<li>conoscere l\u2019organizzazione dei servizi sociali e sanitari; acquisire elementi di igiene e prevenzione e di anatomia, fisiologia e dietetica;<\/li>\r\n \t<li>identificare gli elementi necessari alla pianificazione dell\u2019assistenza e applicare le conoscenze acquisite per mantenere un ambiente terapeutico adeguato alla cura della persona e per applicare le diverse metodologie operative di carattere sanitario sugli assistiti.<\/li>\r\n<\/ul>\r\nIL CORSO E\u2019 ACCREDITATO DALLA REGIONE SICILIANA, ASSESSORATO ALLA SALUTE, AI SENSI DEL DECRETO DEL 12 AGOSTO 2020 (GURS N. 45\/2020) e ACCORDO STATO REGIONI DEL 22 FEBBRAIO 2001.\r\n\r\nPROGRAMMA \u2013 le materie di insegnamento sono articolate nelle seguenti aree disciplinari","_et_gb_content_width":"","_joinchat":[]},"product_brand":[],"product_cat":[35,105,38],"product_tag":[64,134,89],"class_list":{"0":"post-4502","1":"product","2":"type-product","3":"status-publish","4":"has-post-thumbnail","6":"product_cat-security","7":"product_cat-sicurezza-sussidiaria","8":"product_cat-vigilanza-e-investigazione","9":"product_tag-security","10":"product_tag-sicurezza-sussidiaria","11":"product_tag-vigilanza-e-investigazione","13":"first","14":"instock","15":"shipping-taxable","16":"product-type-simple"},"yoast_head":"<!-- This site is optimized with the Yoast SEO plugin v27.0 - https:\/\/yoast.com\/product\/yoast-seo-wordpress\/ -->\n<title>Guardie Particolari Giurate - formazione base obbligatoria - Accademia Eraclitea<\/title>\n<meta name=\"robots\" content=\"index, follow, max-snippet:-1, max-image-preview:large, max-video-preview:-1\" \/>\n<link rel=\"canonical\" href=\"https:\/\/eraclitea.it\/it\/prodotto\/guardie-particolari-giurate-formazione-base-obbligatoria\/\" \/>\n<meta property=\"og:locale\" content=\"it_IT\" \/>\n<meta property=\"og:type\" content=\"article\" \/>\n<meta property=\"og:title\" content=\"Guardie Particolari Giurate - formazione base obbligatoria - Accademia Eraclitea\" \/>\n<meta property=\"og:description\" content=\"48 ore Attestato di frequenza al corso di \u201cASPIRANTE GUARDIA PARTICOLARE GIURATA\u201d - Decreto Ministeriale del 1 dicembre 2010 n. 269\u201d.\" \/>\n<meta property=\"og:url\" content=\"https:\/\/eraclitea.it\/it\/prodotto\/guardie-particolari-giurate-formazione-base-obbligatoria\/\" \/>\n<meta property=\"og:site_name\" content=\"Accademia Eraclitea\" \/>\n<meta property=\"article:modified_time\" content=\"2021-08-10T09:48:18+00:00\" \/>\n<meta property=\"og:image\" content=\"https:\/\/eraclitea.it\/it\/wp-content\/uploads\/2021\/04\/guardia-giurata-particolare.jpg\" \/>\n\t<meta property=\"og:image:width\" content=\"300\" \/>\n\t<meta property=\"og:image:height\" content=\"200\" \/>\n\t<meta property=\"og:image:type\" content=\"image\/jpeg\" \/>\n<meta name=\"twitter:card\" content=\"summary_large_image\" \/>\n<meta name=\"twitter:label1\" content=\"Tempo di lettura stimato\" \/>\n\t<meta name=\"twitter:data1\" content=\"4 minuti\" \/>\n<script type=\"application\/ld+json\" class=\"yoast-schema-graph\">{\"@context\":\"https:\/\/schema.org\",\"@graph\":[{\"@type\":\"WebPage\",\"@id\":\"https:\/\/eraclitea.it\/it\/prodotto\/guardie-particolari-giurate-formazione-base-obbligatoria\/\",\"url\":\"https:\/\/eraclitea.it\/it\/prodotto\/guardie-particolari-giurate-formazione-base-obbligatoria\/\",\"name\":\"Guardie Particolari Giurate - formazione base obbligatoria - Accademia Eraclitea\",\"isPartOf\":{\"@id\":\"https:\/\/eraclitea.it\/it\/#website\"},\"primaryImageOfPage\":{\"@id\":\"https:\/\/eraclitea.it\/it\/prodotto\/guardie-particolari-giurate-formazione-base-obbligatoria\/#primaryimage\"},\"image\":{\"@id\":\"https:\/\/eraclitea.it\/it\/prodotto\/guardie-particolari-giurate-formazione-base-obbligatoria\/#primaryimage\"},\"thumbnailUrl\":\"https:\/\/eraclitea.it\/it\/wp-content\/uploads\/2021\/04\/guardia-giurata-particolare.jpg\",\"datePublished\":\"2021-04-01T10:09:48+00:00\",\"dateModified\":\"2021-08-10T09:48:18+00:00\",\"breadcrumb\":{\"@id\":\"https:\/\/eraclitea.it\/it\/prodotto\/guardie-particolari-giurate-formazione-base-obbligatoria\/#breadcrumb\"},\"inLanguage\":\"it-IT\",\"potentialAction\":[{\"@type\":\"ReadAction\",\"target\":[\"https:\/\/eraclitea.it\/it\/prodotto\/guardie-particolari-giurate-formazione-base-obbligatoria\/\"]}]},{\"@type\":\"ImageObject\",\"inLanguage\":\"it-IT\",\"@id\":\"https:\/\/eraclitea.it\/it\/prodotto\/guardie-particolari-giurate-formazione-base-obbligatoria\/#primaryimage\",\"url\":\"https:\/\/eraclitea.it\/it\/wp-content\/uploads\/2021\/04\/guardia-giurata-particolare.jpg\",\"contentUrl\":\"https:\/\/eraclitea.it\/it\/wp-content\/uploads\/2021\/04\/guardia-giurata-particolare.jpg\",\"width\":300,\"height\":200},{\"@type\":\"BreadcrumbList\",\"@id\":\"https:\/\/eraclitea.it\/it\/prodotto\/guardie-particolari-giurate-formazione-base-obbligatoria\/#breadcrumb\",\"itemListElement\":[{\"@type\":\"ListItem\",\"position\":1,\"name\":\"Home\",\"item\":\"https:\/\/eraclitea.it\/it\/\"},{\"@type\":\"ListItem\",\"position\":2,\"name\":\"Corsi\",\"item\":\"https:\/\/eraclitea.it\/it\/corsi\/\"},{\"@type\":\"ListItem\",\"position\":3,\"name\":\"Guardie Particolari Giurate &#8211; formazione base obbligatoria\"}]},{\"@type\":\"WebSite\",\"@id\":\"https:\/\/eraclitea.it\/it\/#website\",\"url\":\"https:\/\/eraclitea.it\/it\/\",\"name\":\"Accademia Eraclitea\",\"description\":\"Ente di Ricerca e di Alta Formazione Accreditato\",\"potentialAction\":[{\"@type\":\"SearchAction\",\"target\":{\"@type\":\"EntryPoint\",\"urlTemplate\":\"https:\/\/eraclitea.it\/it\/?s={search_term_string}\"},\"query-input\":{\"@type\":\"PropertyValueSpecification\",\"valueRequired\":true,\"valueName\":\"search_term_string\"}}],\"inLanguage\":\"it-IT\"}]}<\/script>\n<!-- \/ Yoast SEO plugin. -->","yoast_head_json":{"title":"Guardie Particolari Giurate - formazione base obbligatoria - Accademia Eraclitea","robots":{"index":"index","follow":"follow","max-snippet":"max-snippet:-1","max-image-preview":"max-image-preview:large","max-video-preview":"max-video-preview:-1"},"canonical":"https:\/\/eraclitea.it\/it\/prodotto\/guardie-particolari-giurate-formazione-base-obbligatoria\/","og_locale":"it_IT","og_type":"article","og_title":"Guardie Particolari Giurate - formazione base obbligatoria - Accademia Eraclitea","og_description":"48 ore Attestato di frequenza al corso di \u201cASPIRANTE GUARDIA PARTICOLARE GIURATA\u201d - Decreto Ministeriale del 1 dicembre 2010 n. 269\u201d.","og_url":"https:\/\/eraclitea.it\/it\/prodotto\/guardie-particolari-giurate-formazione-base-obbligatoria\/","og_site_name":"Accademia Eraclitea","article_modified_time":"2021-08-10T09:48:18+00:00","og_image":[{"width":300,"height":200,"url":"https:\/\/eraclitea.it\/it\/wp-content\/uploads\/2021\/04\/guardia-giurata-particolare.jpg","type":"image\/jpeg"}],"twitter_card":"summary_large_image","twitter_misc":{"Tempo di lettura stimato":"4 minuti"},"schema":{"@context":"https:\/\/schema.org","@graph":[{"@type":"WebPage","@id":"https:\/\/eraclitea.it\/it\/prodotto\/guardie-particolari-giurate-formazione-base-obbligatoria\/","url":"https:\/\/eraclitea.it\/it\/prodotto\/guardie-particolari-giurate-formazione-base-obbligatoria\/","name":"Guardie Particolari Giurate - formazione base obbligatoria - Accademia Eraclitea","isPartOf":{"@id":"https:\/\/eraclitea.it\/it\/#website"},"primaryImageOfPage":{"@id":"https:\/\/eraclitea.it\/it\/prodotto\/guardie-particolari-giurate-formazione-base-obbligatoria\/#primaryimage"},"image":{"@id":"https:\/\/eraclitea.it\/it\/prodotto\/guardie-particolari-giurate-formazione-base-obbligatoria\/#primaryimage"},"thumbnailUrl":"https:\/\/eraclitea.it\/it\/wp-content\/uploads\/2021\/04\/guardia-giurata-particolare.jpg","datePublished":"2021-04-01T10:09:48+00:00","dateModified":"2021-08-10T09:48:18+00:00","breadcrumb":{"@id":"https:\/\/eraclitea.it\/it\/prodotto\/guardie-particolari-giurate-formazione-base-obbligatoria\/#breadcrumb"},"inLanguage":"it-IT","potentialAction":[{"@type":"ReadAction","target":["https:\/\/eraclitea.it\/it\/prodotto\/guardie-particolari-giurate-formazione-base-obbligatoria\/"]}]},{"@type":"ImageObject","inLanguage":"it-IT","@id":"https:\/\/eraclitea.it\/it\/prodotto\/guardie-particolari-giurate-formazione-base-obbligatoria\/#primaryimage","url":"https:\/\/eraclitea.it\/it\/wp-content\/uploads\/2021\/04\/guardia-giurata-particolare.jpg","contentUrl":"https:\/\/eraclitea.it\/it\/wp-content\/uploads\/2021\/04\/guardia-giurata-particolare.jpg","width":300,"height":200},{"@type":"BreadcrumbList","@id":"https:\/\/eraclitea.it\/it\/prodotto\/guardie-particolari-giurate-formazione-base-obbligatoria\/#breadcrumb","itemListElement":[{"@type":"ListItem","position":1,"name":"Home","item":"https:\/\/eraclitea.it\/it\/"},{"@type":"ListItem","position":2,"name":"Corsi","item":"https:\/\/eraclitea.it\/it\/corsi\/"},{"@type":"ListItem","position":3,"name":"Guardie Particolari Giurate &#8211; formazione base obbligatoria"}]},{"@type":"WebSite","@id":"https:\/\/eraclitea.it\/it\/#website","url":"https:\/\/eraclitea.it\/it\/","name":"Accademia Eraclitea","description":"Ente di Ricerca e di Alta Formazione Accreditato","potentialAction":[{"@type":"SearchAction","target":{"@type":"EntryPoint","urlTemplate":"https:\/\/eraclitea.it\/it\/?s={search_term_string}"},"query-input":{"@type":"PropertyValueSpecification","valueRequired":true,"valueName":"search_term_string"}}],"inLanguage":"it-IT"}]}},"jetpack_sharing_enabled":true,"_links":{"self":[{"href":"https:\/\/eraclitea.it\/it\/wp-json\/wp\/v2\/product\/4502","targetHints":{"allow":["GET"]}}],"collection":[{"href":"https:\/\/eraclitea.it\/it\/wp-json\/wp\/v2\/product"}],"about":[{"href":"https:\/\/eraclitea.it\/it\/wp-json\/wp\/v2\/types\/product"}],"replies":[{"embeddable":true,"href":"https:\/\/eraclitea.it\/it\/wp-json\/wp\/v2\/comments?post=4502"}],"wp:featuredmedia":[{"embeddable":true,"href":"https:\/\/eraclitea.it\/it\/wp-json\/wp\/v2\/media\/6550"}],"wp:attachment":[{"href":"https:\/\/eraclitea.it\/it\/wp-json\/wp\/v2\/media?parent=4502"}],"wp:term":[{"taxonomy":"product_brand","embeddable":true,"href":"https:\/\/eraclitea.it\/it\/wp-json\/wp\/v2\/product_brand?post=4502"},{"taxonomy":"product_cat","embeddable":true,"href":"https:\/\/eraclitea.it\/it\/wp-json\/wp\/v2\/product_cat?post=4502"},{"taxonomy":"product_tag","embeddable":true,"href":"https:\/\/eraclitea.it\/it\/wp-json\/wp\/v2\/product_tag?post=4502"}],"curies":[{"name":"wp","href":"https:\/\/api.w.org\/{rel}","templated":true}]}}