{"id":4192,"date":"2021-03-26T22:44:47","date_gmt":"2021-03-26T22:44:47","guid":{"rendered":"https:\/\/eraclitea.it\/eracliteait\/?post_type=product&#038;p=4192"},"modified":"2026-04-24T11:31:06","modified_gmt":"2026-04-24T11:31:06","slug":"formazione-del-personale-in-contatto-con-il-pubblico-viaggiante","status":"publish","type":"product","link":"https:\/\/eraclitea.it\/it\/prodotto\/formazione-del-personale-in-contatto-con-il-pubblico-viaggiante\/","title":{"rendered":"PRM &#8220;personale in contatto con il pubblico viaggiante&#8221;"},"content":{"rendered":"<table style=\"border: 0px; height: 244px; width: 721px;\">\n<tbody>\n<tr>\n<td style=\"width: 38.75px;\"><a href=\"https:\/\/eraclitea.it\/it\/wp-content\/uploads\/2021\/01\/orolo2.png\"><img loading=\"lazy\" decoding=\"async\" class=\"alignnone wp-image-887 \" src=\"https:\/\/eraclitea.it\/it\/wp-content\/uploads\/2021\/03\/tempo.png\" alt=\"\" width=\"33\" height=\"33\" \/><\/a><\/td>\n<td style=\"width: 147.841px;\">\n<h4 class=\"et_pb_module_header\">Durata del corso:<\/h4>\n<\/td>\n<td style=\"width: 515.114px;\">4 ore (online)<\/td>\n<\/tr>\n<tr>\n<td style=\"width: 38.75px;\"><a href=\"https:\/\/eraclitea.it\/it\/wp-content\/uploads\/2021\/03\/Tavola-da-disegno-\u2013-13.png\"><img loading=\"lazy\" decoding=\"async\" class=\"alignnone wp-image-3710 \" src=\"https:\/\/eraclitea.it\/it\/wp-content\/uploads\/2021\/03\/Tavola-da-disegno-\u2013-13-300x300.png\" alt=\"\" width=\"39\" height=\"39\" srcset=\"https:\/\/eraclitea.it\/it\/wp-content\/uploads\/2021\/03\/Tavola-da-disegno-\u2013-13-300x300.png 300w, https:\/\/eraclitea.it\/it\/wp-content\/uploads\/2021\/03\/Tavola-da-disegno-\u2013-13-150x150.png 150w, https:\/\/eraclitea.it\/it\/wp-content\/uploads\/2021\/03\/Tavola-da-disegno-\u2013-13-100x100.png 100w, https:\/\/eraclitea.it\/it\/wp-content\/uploads\/2021\/03\/Tavola-da-disegno-\u2013-13-64x64.png 64w, https:\/\/eraclitea.it\/it\/wp-content\/uploads\/2021\/03\/Tavola-da-disegno-\u2013-13.png 400w\" sizes=\"(max-width: 39px) 100vw, 39px\" \/><\/a><\/td>\n<td style=\"width: 147.841px;\">\n<h4>N. Partecipanti:<\/h4>\n<\/td>\n<td style=\"width: 515.114px;\">Nessun limite<\/td>\n<\/tr>\n<tr>\n<td style=\"width: 38.75px;\"><a href=\"https:\/\/eraclitea.it\/it\/wp-content\/uploads\/2021\/04\/Tavola-da-disegno-\u2013-13-2.png\"><img loading=\"lazy\" decoding=\"async\" class=\"alignnone size-medium wp-image-5967\" src=\"https:\/\/eraclitea.it\/it\/wp-content\/uploads\/2021\/04\/Tavola-da-disegno-\u2013-13-2-300x300.png\" alt=\"\" width=\"300\" height=\"300\" \/><\/a><\/td>\n<td style=\"width: 147.841px;\">\n<h4>A chi \u00e8 rivolto:<\/h4>\n<\/td>\n<td style=\"width: 515.114px;\">ll corso \u00e8 rivolto al personale che nello svolgimento del suo\u00a0 lavoro, pur non prestando direttamente assistenza ai PRM, pu\u00f2 entrare in contatto con i passeggeri con disabilit\u00e0 o a modalit\u00e0 ridotta nel trasporto aereo<\/td>\n<\/tr>\n<\/tbody>\n<\/table>\n<p>&nbsp;<\/p>\n<p>ll corso \u00e8 rivolto al personale che, nello svolgimento del suo\u00a0 lavoro, pur non prestando direttamente assistenza ai PRM , pu\u00f2 entrare in contatto con i passeggeri con disabilit\u00e0 o a modalit\u00e0 ridotta nel trasporto aereo (ad es. personale navigante, personale addetto al check-in, alla security, ai banchi di informazione, alle biglietterie e alle attivit\u00e0 commerciali).<\/p>\n<h3>Obiettivi del corso<\/h3>\n<p>Il corso \u00e8 incentrato sui diversi tipi di disabilit\u00e0 e sulle relative forme di assistenza.<\/p>\n<h3><\/h3>\n<h3>Programma<\/h3>\n<div class='et-learn-more clearfix'>\n\t\t\t\t\t<h3 class='heading-more'>MODULO FORMATIVO<span class='et_learnmore_arrow'><span><\/span><\/span><\/h3>\n\t\t\t\t\t<div class='learn-more-content'><ul>\n<li>Normativa di riferimento:\u00a0 Circolare ENAC GEN-02B, Regolamenti Europei, Documentazione ICAO, ECAC, IATA, in particolare il Regolamento (CE) 1107\/2006, Doc. 30 ECAC con gli allegati 5-A, 5-B, 5-C, 5-D e 5-E; Legge 67\/2006 relativa alle \u201cMisure per la tutela giudiziaria delle persone con disabilit\u00e0 vittime di discriminazioni\u201d, art. 14 Convenzione Europea dei Diritti dell\u2019uomo, ICF, documento emanato dall\u2019OMS il 22 Maggio 2001, Convenzione ONU Tutela dei diritti delle persone con disabilit\u00e0 del 13\/12\/2006, US Air Carrier Access Act 14 CFR Part 382, Risoluzione 700 della IATA);<\/li>\n<li>Conoscenza delle varie disabilit\u00e0;<\/li>\n<li>Assistenza ai PRM;<\/li>\n<li>Statistiche;<\/li>\n<li>Cause della disabilit\u00e0;<\/li>\n<li>Persone con difficolt\u00e0 di deambulazione;<\/li>\n<li>Persone che utilizzano la sedia a rotelle;<\/li>\n<li>Disabili visivi;<\/li>\n<li>Persone non udenti;<\/li>\n<li>Persone con disturbi nel linguaggio;<\/li>\n<li>Persone con disturbi cognitivi;<\/li>\n<li>Persone con problemi di salute mentale;<\/li>\n<li>Le disabilit\u00e0 \u201cinvisibili\u201d;<\/li>\n<li>Altre disabilit\u00e0.<\/li>\n<\/ul><\/div>\n\t\t\t\t<\/div>\n<h3><\/h3>\n<h3>Conoscenze e competenze da acquisire<\/h3>\n<ul>\n<li>Conoscenza delle diverse diversit\u00e0, al fine di riconoscere i passeggeri con disabilit\u00e0 fisiche, sensoriali, \u201cinvisibili\u201d, cognitive o con problemi di salute mentale e adottare un comportamento adeguato;<\/li>\n<li>Conoscenza delle barriere che ciascuna disabilit\u00e0 incontra, comprese le barriere attitudinali, ambientali\/fisiche e organizzative;<\/li>\n<li>Conoscenza del ruolo, dei comportamenti e delle esigenze dei cani-guida;<\/li>\n<li>Capacit\u00e0 di gestire situazioni non previste (come lunghi ritardi, problemi di salute, ecc);<\/li>\n<li>Abilit\u00e0 relazionali e conoscenza dei metodi per comunicare con persone non udenti e non vedenti, con disturbi del linguaggio e con deficit cognitivi o problemi di salute mentale;<\/li>\n<li>Adeguato utilizzo delle sedie a rotelle e degli altri ausili per la mobilit\u00e0 al fine di evitarne il danneggiamento (per tutto il personale addetto alla gestione dei bagagli);<\/li>\n<li>Approfondimento della conoscenza sulle disabilit\u00e0 per garantire che la dignit\u00e0 delle persone con disabilit\u00e0 e a mobilit\u00e0 ridotta sia preservata, soprattutto durante i controlli di sicurezza. Richiesta di informazione al PRM sulle proprie preferenze (in caso di sollevamento e contatto fisico).<\/li>\n<\/ul>\n<p><strong>Per il corso \u00e8 previsto un aggiornamento obbligatorio biennale di n. 2 ore.<\/strong><\/p>\n<h3><\/h3>\n<h3>Certificazione<\/h3>\n<p>Alla fine del corso verr\u00e0 rilasciata una certificazione ai sensi della Circolare ENAC GEN-02B.<\/p>\n<p>&nbsp;<\/p>\n<p><code><\/code><\/p>\n","protected":false},"excerpt":{"rendered":"<h4>4 ore (on line)<\/h4>\n<p>Il\u00a0 corso \u00e8 rivolto al personale di bordo e include le diverse forme di assistenza durante tutte le fasi del viaggio.<\/p>\n","protected":false},"featured_media":6954,"comment_status":"open","ping_status":"closed","template":"","meta":{"_et_pb_use_builder":"off","_et_pb_old_content":"OBIETTIVI DEL CORSO\r\n\r\nIl corso di qualifica per Operatore Socio Sanitario \u00e8 volto a formare operatori in grado di intervenire nelle situazioni caratterizzate da mancanza temporanea e\/o permanente di autonomia psicofisica. Grazie alla formazione teorico-pratica e al tirocinio pratico, gli allievi avranno l\u2019opportunit\u00e0 di sviluppare competenze professionali volte a:\r\n<ul>\r\n \t<li>identificare, classificare ed interpretare le problematiche delle diverse tipologie di utenze (minori, anziani, persone con disabilit\u00e0, pazienti oncologici);<\/li>\r\n \t<li>conoscere l\u2019organizzazione dei servizi sociali e sanitari; acquisire elementi di igiene e prevenzione e di anatomia, fisiologia e dietetica;<\/li>\r\n \t<li>identificare gli elementi necessari alla pianificazione dell\u2019assistenza e applicare le conoscenze acquisite per mantenere un ambiente terapeutico adeguato alla cura della persona e per applicare le diverse metodologie operative di carattere sanitario sugli assistiti.<\/li>\r\n<\/ul>\r\nIL CORSO E\u2019 ACCREDITATO DALLA REGIONE SICILIANA, ASSESSORATO ALLA SALUTE, AI SENSI DEL DECRETO DEL 12 AGOSTO 2020 (GURS N. 45\/2020) e ACCORDO STATO REGIONI DEL 22 FEBBRAIO 2001.\r\n\r\nPROGRAMMA \u2013 le materie di insegnamento sono articolate nelle seguenti aree disciplinari","_et_gb_content_width":"","_joinchat":[]},"product_brand":[],"product_cat":[47,50],"product_tag":[86],"class_list":{"0":"post-4192","1":"product","2":"type-product","3":"status-publish","4":"has-post-thumbnail","6":"product_cat-online","7":"product_cat-trasporto-aereo","8":"product_tag-trasporti-aereo","10":"first","11":"instock","12":"shipping-taxable","13":"product-type-simple"},"yoast_head":"<!-- This site is optimized with the Yoast SEO plugin v27.0 - https:\/\/yoast.com\/product\/yoast-seo-wordpress\/ -->\n<title>PRM &quot;personale in contatto con il pubblico viaggiante&quot; - Accademia Eraclitea<\/title>\n<meta name=\"robots\" content=\"index, follow, max-snippet:-1, max-image-preview:large, max-video-preview:-1\" \/>\n<link rel=\"canonical\" href=\"https:\/\/eraclitea.it\/it\/prodotto\/formazione-del-personale-in-contatto-con-il-pubblico-viaggiante\/\" \/>\n<meta property=\"og:locale\" content=\"it_IT\" \/>\n<meta property=\"og:type\" content=\"article\" \/>\n<meta property=\"og:title\" content=\"PRM &quot;personale in contatto con il pubblico viaggiante&quot; - Accademia Eraclitea\" \/>\n<meta property=\"og:description\" content=\"4 ore (on line) Il\u00a0 corso \u00e8 rivolto al personale di bordo e include le diverse forme di assistenza durante tutte le fasi del viaggio.\" \/>\n<meta property=\"og:url\" content=\"https:\/\/eraclitea.it\/it\/prodotto\/formazione-del-personale-in-contatto-con-il-pubblico-viaggiante\/\" \/>\n<meta property=\"og:site_name\" content=\"Accademia Eraclitea\" \/>\n<meta property=\"article:modified_time\" content=\"2026-04-24T11:31:06+00:00\" \/>\n<meta property=\"og:image\" content=\"https:\/\/eraclitea.it\/it\/wp-content\/uploads\/2021\/03\/Trasporto-aereo-\u2013-3@2x.png\" \/>\n\t<meta property=\"og:image:width\" content=\"350\" \/>\n\t<meta property=\"og:image:height\" content=\"200\" \/>\n\t<meta property=\"og:image:type\" content=\"image\/png\" \/>\n<meta name=\"twitter:card\" content=\"summary_large_image\" \/>\n<meta name=\"twitter:label1\" content=\"Tempo di lettura stimato\" \/>\n\t<meta name=\"twitter:data1\" content=\"4 minuti\" \/>\n<script type=\"application\/ld+json\" class=\"yoast-schema-graph\">{\"@context\":\"https:\/\/schema.org\",\"@graph\":[{\"@type\":\"WebPage\",\"@id\":\"https:\/\/eraclitea.it\/it\/prodotto\/formazione-del-personale-in-contatto-con-il-pubblico-viaggiante\/\",\"url\":\"https:\/\/eraclitea.it\/it\/prodotto\/formazione-del-personale-in-contatto-con-il-pubblico-viaggiante\/\",\"name\":\"PRM \\\"personale in contatto con il pubblico viaggiante\\\" - Accademia Eraclitea\",\"isPartOf\":{\"@id\":\"https:\/\/eraclitea.it\/it\/#website\"},\"primaryImageOfPage\":{\"@id\":\"https:\/\/eraclitea.it\/it\/prodotto\/formazione-del-personale-in-contatto-con-il-pubblico-viaggiante\/#primaryimage\"},\"image\":{\"@id\":\"https:\/\/eraclitea.it\/it\/prodotto\/formazione-del-personale-in-contatto-con-il-pubblico-viaggiante\/#primaryimage\"},\"thumbnailUrl\":\"https:\/\/eraclitea.it\/it\/wp-content\/uploads\/2021\/03\/Trasporto-aereo-\u2013-3@2x.png\",\"datePublished\":\"2021-03-26T22:44:47+00:00\",\"dateModified\":\"2026-04-24T11:31:06+00:00\",\"breadcrumb\":{\"@id\":\"https:\/\/eraclitea.it\/it\/prodotto\/formazione-del-personale-in-contatto-con-il-pubblico-viaggiante\/#breadcrumb\"},\"inLanguage\":\"it-IT\",\"potentialAction\":[{\"@type\":\"ReadAction\",\"target\":[\"https:\/\/eraclitea.it\/it\/prodotto\/formazione-del-personale-in-contatto-con-il-pubblico-viaggiante\/\"]}]},{\"@type\":\"ImageObject\",\"inLanguage\":\"it-IT\",\"@id\":\"https:\/\/eraclitea.it\/it\/prodotto\/formazione-del-personale-in-contatto-con-il-pubblico-viaggiante\/#primaryimage\",\"url\":\"https:\/\/eraclitea.it\/it\/wp-content\/uploads\/2021\/03\/Trasporto-aereo-\u2013-3@2x.png\",\"contentUrl\":\"https:\/\/eraclitea.it\/it\/wp-content\/uploads\/2021\/03\/Trasporto-aereo-\u2013-3@2x.png\",\"width\":350,\"height\":200},{\"@type\":\"BreadcrumbList\",\"@id\":\"https:\/\/eraclitea.it\/it\/prodotto\/formazione-del-personale-in-contatto-con-il-pubblico-viaggiante\/#breadcrumb\",\"itemListElement\":[{\"@type\":\"ListItem\",\"position\":1,\"name\":\"Home\",\"item\":\"https:\/\/eraclitea.it\/it\/\"},{\"@type\":\"ListItem\",\"position\":2,\"name\":\"Corsi\",\"item\":\"https:\/\/eraclitea.it\/it\/corsi\/\"},{\"@type\":\"ListItem\",\"position\":3,\"name\":\"PRM &#8220;personale in contatto con il pubblico viaggiante&#8221;\"}]},{\"@type\":\"WebSite\",\"@id\":\"https:\/\/eraclitea.it\/it\/#website\",\"url\":\"https:\/\/eraclitea.it\/it\/\",\"name\":\"Accademia Eraclitea\",\"description\":\"Ente di Ricerca e di Alta Formazione Accreditato\",\"potentialAction\":[{\"@type\":\"SearchAction\",\"target\":{\"@type\":\"EntryPoint\",\"urlTemplate\":\"https:\/\/eraclitea.it\/it\/?s={search_term_string}\"},\"query-input\":{\"@type\":\"PropertyValueSpecification\",\"valueRequired\":true,\"valueName\":\"search_term_string\"}}],\"inLanguage\":\"it-IT\"}]}<\/script>\n<!-- \/ Yoast SEO plugin. -->","yoast_head_json":{"title":"PRM \"personale in contatto con il pubblico viaggiante\" - Accademia Eraclitea","robots":{"index":"index","follow":"follow","max-snippet":"max-snippet:-1","max-image-preview":"max-image-preview:large","max-video-preview":"max-video-preview:-1"},"canonical":"https:\/\/eraclitea.it\/it\/prodotto\/formazione-del-personale-in-contatto-con-il-pubblico-viaggiante\/","og_locale":"it_IT","og_type":"article","og_title":"PRM \"personale in contatto con il pubblico viaggiante\" - Accademia Eraclitea","og_description":"4 ore (on line) Il\u00a0 corso \u00e8 rivolto al personale di bordo e include le diverse forme di assistenza durante tutte le fasi del viaggio.","og_url":"https:\/\/eraclitea.it\/it\/prodotto\/formazione-del-personale-in-contatto-con-il-pubblico-viaggiante\/","og_site_name":"Accademia Eraclitea","article_modified_time":"2026-04-24T11:31:06+00:00","og_image":[{"width":350,"height":200,"url":"https:\/\/eraclitea.it\/it\/wp-content\/uploads\/2021\/03\/Trasporto-aereo-\u2013-3@2x.png","type":"image\/png"}],"twitter_card":"summary_large_image","twitter_misc":{"Tempo di lettura stimato":"4 minuti"},"schema":{"@context":"https:\/\/schema.org","@graph":[{"@type":"WebPage","@id":"https:\/\/eraclitea.it\/it\/prodotto\/formazione-del-personale-in-contatto-con-il-pubblico-viaggiante\/","url":"https:\/\/eraclitea.it\/it\/prodotto\/formazione-del-personale-in-contatto-con-il-pubblico-viaggiante\/","name":"PRM \"personale in contatto con il pubblico viaggiante\" - Accademia Eraclitea","isPartOf":{"@id":"https:\/\/eraclitea.it\/it\/#website"},"primaryImageOfPage":{"@id":"https:\/\/eraclitea.it\/it\/prodotto\/formazione-del-personale-in-contatto-con-il-pubblico-viaggiante\/#primaryimage"},"image":{"@id":"https:\/\/eraclitea.it\/it\/prodotto\/formazione-del-personale-in-contatto-con-il-pubblico-viaggiante\/#primaryimage"},"thumbnailUrl":"https:\/\/eraclitea.it\/it\/wp-content\/uploads\/2021\/03\/Trasporto-aereo-\u2013-3@2x.png","datePublished":"2021-03-26T22:44:47+00:00","dateModified":"2026-04-24T11:31:06+00:00","breadcrumb":{"@id":"https:\/\/eraclitea.it\/it\/prodotto\/formazione-del-personale-in-contatto-con-il-pubblico-viaggiante\/#breadcrumb"},"inLanguage":"it-IT","potentialAction":[{"@type":"ReadAction","target":["https:\/\/eraclitea.it\/it\/prodotto\/formazione-del-personale-in-contatto-con-il-pubblico-viaggiante\/"]}]},{"@type":"ImageObject","inLanguage":"it-IT","@id":"https:\/\/eraclitea.it\/it\/prodotto\/formazione-del-personale-in-contatto-con-il-pubblico-viaggiante\/#primaryimage","url":"https:\/\/eraclitea.it\/it\/wp-content\/uploads\/2021\/03\/Trasporto-aereo-\u2013-3@2x.png","contentUrl":"https:\/\/eraclitea.it\/it\/wp-content\/uploads\/2021\/03\/Trasporto-aereo-\u2013-3@2x.png","width":350,"height":200},{"@type":"BreadcrumbList","@id":"https:\/\/eraclitea.it\/it\/prodotto\/formazione-del-personale-in-contatto-con-il-pubblico-viaggiante\/#breadcrumb","itemListElement":[{"@type":"ListItem","position":1,"name":"Home","item":"https:\/\/eraclitea.it\/it\/"},{"@type":"ListItem","position":2,"name":"Corsi","item":"https:\/\/eraclitea.it\/it\/corsi\/"},{"@type":"ListItem","position":3,"name":"PRM &#8220;personale in contatto con il pubblico viaggiante&#8221;"}]},{"@type":"WebSite","@id":"https:\/\/eraclitea.it\/it\/#website","url":"https:\/\/eraclitea.it\/it\/","name":"Accademia Eraclitea","description":"Ente di Ricerca e di Alta Formazione Accreditato","potentialAction":[{"@type":"SearchAction","target":{"@type":"EntryPoint","urlTemplate":"https:\/\/eraclitea.it\/it\/?s={search_term_string}"},"query-input":{"@type":"PropertyValueSpecification","valueRequired":true,"valueName":"search_term_string"}}],"inLanguage":"it-IT"}]}},"jetpack_sharing_enabled":true,"_links":{"self":[{"href":"https:\/\/eraclitea.it\/it\/wp-json\/wp\/v2\/product\/4192","targetHints":{"allow":["GET"]}}],"collection":[{"href":"https:\/\/eraclitea.it\/it\/wp-json\/wp\/v2\/product"}],"about":[{"href":"https:\/\/eraclitea.it\/it\/wp-json\/wp\/v2\/types\/product"}],"replies":[{"embeddable":true,"href":"https:\/\/eraclitea.it\/it\/wp-json\/wp\/v2\/comments?post=4192"}],"wp:featuredmedia":[{"embeddable":true,"href":"https:\/\/eraclitea.it\/it\/wp-json\/wp\/v2\/media\/6954"}],"wp:attachment":[{"href":"https:\/\/eraclitea.it\/it\/wp-json\/wp\/v2\/media?parent=4192"}],"wp:term":[{"taxonomy":"product_brand","embeddable":true,"href":"https:\/\/eraclitea.it\/it\/wp-json\/wp\/v2\/product_brand?post=4192"},{"taxonomy":"product_cat","embeddable":true,"href":"https:\/\/eraclitea.it\/it\/wp-json\/wp\/v2\/product_cat?post=4192"},{"taxonomy":"product_tag","embeddable":true,"href":"https:\/\/eraclitea.it\/it\/wp-json\/wp\/v2\/product_tag?post=4192"}],"curies":[{"name":"wp","href":"https:\/\/api.w.org\/{rel}","templated":true}]}}