{"id":3827,"date":"2021-03-21T19:10:39","date_gmt":"2021-03-21T19:10:39","guid":{"rendered":"https:\/\/eraclitea.it\/eracliteait\/?post_type=product&#038;p=3827"},"modified":"2021-05-30T09:17:48","modified_gmt":"2021-05-30T09:17:48","slug":"tecnico-competente-in-acustica","status":"publish","type":"product","link":"https:\/\/eraclitea.it\/it\/prodotto\/tecnico-competente-in-acustica\/","title":{"rendered":"Tecnico competente in acustica"},"content":{"rendered":"<div class=\"et_pb_module et_pb_blurb et_pb_blurb_1_tb_body et_pb_text_align_left et_pb_blurb_position_left et_pb_bg_layout_light\">\n<table style=\"border: 0px; height: 244px; width: 721px;\">\n<tbody>\n<tr>\n<td style=\"width: 38.75px;\"><a href=\"https:\/\/eraclitea.it\/it\/wp-content\/uploads\/2021\/01\/orolo2.png\"><img loading=\"lazy\" decoding=\"async\" class=\"alignnone wp-image-887 \" src=\"https:\/\/eraclitea.it\/it\/wp-content\/uploads\/2021\/03\/tempo.png\" alt=\"\" width=\"33\" height=\"33\" \/><\/a><\/td>\n<td style=\"width: 147.841px;\">\n<h4 class=\"et_pb_module_header\">Durata del corso:<\/h4>\n<\/td>\n<td style=\"width: 515.114px;\">180 ore (60 di pratica)<\/td>\n<\/tr>\n<tr>\n<td style=\"width: 38.75px;\"><a href=\"https:\/\/eraclitea.it\/it\/wp-content\/uploads\/2021\/03\/Tavola-da-disegno-\u2013-13.png\"><img loading=\"lazy\" decoding=\"async\" class=\"alignnone wp-image-3710 \" src=\"https:\/\/eraclitea.it\/it\/wp-content\/uploads\/2021\/03\/Tavola-da-disegno-\u2013-13-300x300.png\" alt=\"\" width=\"39\" height=\"39\" srcset=\"https:\/\/eraclitea.it\/it\/wp-content\/uploads\/2021\/03\/Tavola-da-disegno-\u2013-13-300x300.png 300w, https:\/\/eraclitea.it\/it\/wp-content\/uploads\/2021\/03\/Tavola-da-disegno-\u2013-13-150x150.png 150w, https:\/\/eraclitea.it\/it\/wp-content\/uploads\/2021\/03\/Tavola-da-disegno-\u2013-13-100x100.png 100w, https:\/\/eraclitea.it\/it\/wp-content\/uploads\/2021\/03\/Tavola-da-disegno-\u2013-13-64x64.png 64w, https:\/\/eraclitea.it\/it\/wp-content\/uploads\/2021\/03\/Tavola-da-disegno-\u2013-13.png 400w\" sizes=\"(max-width: 39px) 100vw, 39px\" \/><\/a><\/td>\n<td style=\"width: 147.841px;\">\n<h4>N. Partecipanti:<\/h4>\n<\/td>\n<td style=\"width: 515.114px;\">Max 30<\/td>\n<\/tr>\n<tr>\n<td style=\"width: 38.75px;\"><a href=\"https:\/\/eraclitea.it\/it\/wp-content\/uploads\/2021\/04\/Tavola-da-disegno-\u2013-13-2.png\"><img loading=\"lazy\" decoding=\"async\" class=\"alignnone size-medium wp-image-5967\" src=\"https:\/\/eraclitea.it\/it\/wp-content\/uploads\/2021\/04\/Tavola-da-disegno-\u2013-13-2-300x300.png\" alt=\"\" width=\"300\" height=\"300\" \/><\/a><\/td>\n<td style=\"width: 147.841px;\">\n<h4>A chi \u00e8 rivolto:<\/h4>\n<\/td>\n<td style=\"width: 515.114px;\">Aspiranti tecnici competenti in acustica<\/td>\n<\/tr>\n<\/tbody>\n<\/table>\n<\/div>\n<p>&nbsp;<\/p>\n<div><\/div>\n<h3>Obiettivi del corso<\/h3>\n<p>Fornire agli aspiranti tecnici competenti le conoscenze necessarie ad effettuare la determinazione ex ante e ex post, mediante misurazioni e calcoli, del rispetto dei valori stabiliti dalle vigenti norme di settore nazionali (legge 26 ottobre 1995, n. 447 e decreti attuativi) e fornire competenze che consentano ai tecnici competenti di operare con professionalit\u00e0 nei settori dell&#8217;acustica applicata agli ambienti di lavoro e all&#8217;industria, dell&#8217;acustica forense e della pianificazione e progettazione acustica rispettivamente per l&#8217;ambiente esterno e interno.<\/p>\n<p>L\u2019art. 21 del D.lgs. n. 42\/2017 istituisce presso il Ministero dell\u2019ambiente e della tutela del territorio e del mare, l\u2019elenco nominativo dei soggetti abilitati a svolgere la professione di Tecnico competente in acustica, sulla base dei dati inseriti dalle regioni o province autonome.<br \/>\nIn tale elenco nominativo potranno essere iscritti soltanto coloro che siano in possesso della laurea o laurea magistrale ad indirizzo tecnico o scientifico (come specificato in allegato 2 del D.lgs. n.42\/2017) e di almeno uno dei <strong>seguenti requisiti:<\/strong><\/p>\n<ol>\n<li>avere superato con profitto l\u2019esame finale di un master universitario con un modulo di almeno 12 crediti in tema di acustica, di cui almeno 3 di laboratori di acustica, nelle tematiche oggetto della legge 26 ottobre 1995, n. 447, secondo lo schema di corso di cui all\u2019allegato 2 del D.lgs. n. 42\/2017;<\/li>\n<li>avere superato con profitto l\u2019esame finale di un corso in acustica per tecnici competenti svolto secondo lo schema riportato nell\u2019allegato 2;<\/li>\n<li>avere ottenuto almeno 12 crediti universitari in materie di acustica, di cui almeno 3 di laboratori di acustica, rilasciati per esami relativi ad insegnamenti il cui programma riprenda i contenuti dello schema di corso in acustica per tecnici competenti in allegato 2;<\/li>\n<li>aver conseguito il titolo di dottore di ricerca, con una tesi di dottorato in acustica.<\/li>\n<\/ol>\n<p align=\"justify\"><em>Tale decreto prevede che, in via transitoria<\/em>, per un periodo di non pi\u00f9 di cinque anni dalla data di entrata in vigore, potr\u00e0 essere iscritto nell\u2019elenco nominativo anche chi \u00e8 in possesso del diploma di scuola media superiore ad indirizzo tecnico o maturit\u00e0 scientifica e dei <em>seguenti requisiti<\/em>:<\/p>\n<ul>\n<li>aver svolto attivit\u00e0 professionale in materia di acustica applicata per almeno quattro anni, decorrenti dalla data di comunicazione dell\u2019avvio alla regione di residenza, in modo non occasionale, in collaborazione con un tecnico competente ovvero alle dipendenze di strutture pubbliche di cui all\u2019articolo 2, comma 8, della legge 26 ottobre 1995, n. 447, attestata da idonea documentazione. La non occasionalit\u00e0 dell\u2019attivit\u00e0 svolta \u00e8 valutata tenendo conto della durata e della rilevanza delle prestazioni relative ad ogni anno. Per attivit\u00e0 professionale in materia di acustica applicata si intende:<br \/>\n1) effettuazione di misure in ambiente esterno ed abitativo unitamente a valutazioni sulla conformit\u00e0 dei valori riscontrati ai limiti di legge;<br \/>\n2) partecipazione o collaborazione a progetti di bonifica acustica;<br \/>\n3) redazione o revisione di zonizzazione acustica;<br \/>\n4) redazione di piani di risanamento;<br \/>\n5) attivit\u00e0 professionali nei settori dell\u2019acustica applicata all\u2019industria ovvero acustica forense;<\/li>\n<\/ul>\n<ul>\n<li>avere superato con profitto l\u2019esame finale di un corso in acustica per tecnici competenti svolto secondo lo schema riportato nell\u2019allegato 2 del D.lgs. n. 42\/2017.<\/li>\n<\/ul>\n<p>&nbsp;<\/p>\n<h3>Programma Corso<\/h3>\n<div class='et-learn-more clearfix'>\n\t\t\t\t\t<h3 class='heading-more'>MODULI DEL CORSO <span class='et_learnmore_arrow'><span><\/span><\/span><\/h3>\n\t\t\t\t\t<div class='learn-more-content'><ul>\n<li>MODULO I &#8211; Fondamenti di acustica<\/li>\n<li>MODULO II &#8211; La propagazione del suono e l&#8217;acustica degli ambienti confinati<\/li>\n<li>MODULO III &#8211; Strumentazione e tecniche di misura<\/li>\n<li>MODULO IV &#8211; La normativa nazionale e regionale e la regolamentazione modulo IV comunale<\/li>\n<li>MODULO V &#8211; Il rumore delle infrastrutture di trasporto lineari<\/li>\n<li>MODULO VI &#8211; Il rumore delle infrastrutture portuali e aeroportuali<\/li>\n<li>MODULO VII &#8211; Altri regolamenti nazionali e normativa dell&#8217;Unione europea<\/li>\n<li>MODULO VIII &#8211; I requisiti acustici passivi degli edifici<\/li>\n<li>MODULO IX &#8211; Criteri esecutivi per la pianificazione, il risanamento ed il controllo delle emissioni sonore<\/li>\n<li>MODULO X &#8211; Rumore e vibrazioni negli ambienti di lavoro<\/li>\n<li>MODULO XI &#8211; Acustica forense<\/li>\n<li>MODULO XII &#8211; Esercitazioni pratiche sull&#8217;uso dei fonometri e dei software di acquisizione<\/li>\n<li>MODULO XIII &#8211; Esercitazioni pratiche sull&#8217;uso dei software per la progettazione dei requisiti acustici degli edifici<\/li>\n<li>MODULO XIV &#8211; Esercitazioni pratiche sull&#8217;uso dei software per la propagazione sonora<\/li>\n<\/ul>\n<p>Il corso si conclude con un esame, ai fini del rilascio d&#8217;attestazione finale di profitto valida in tutt&#8217;Italia, tenuto da una commissione composta da due membri esperti scelti tra i docenti del corso e da un membro indicato dalla regione\u00a0competente.<\/p><\/div>\n\t\t\t\t<\/div>\n<p>&nbsp;<\/p>\n<h3>Certificazione<\/h3>\n<p>Il corso si conclude con un esame, ai fini del rilascio d&#8217;attestazione finale di profitto valida in tutt&#8217;Italia, tenuto da una commissione composta da due membri esperti scelti tra i docenti del corso e da un membro indicato dalla regione competente.<\/p>\n<p>&nbsp;<\/p>\n<p>&nbsp;<\/p>\n<p>&nbsp;<\/p>\n<p><code><\/code><\/p>\n","protected":false},"excerpt":{"rendered":"<h4>180 ore<\/h4>\n<p>Legge 26 ottobre 1995, n. 447 e decreti attuativi<\/p>\n","protected":false},"featured_media":3850,"comment_status":"open","ping_status":"closed","template":"","meta":{"_et_pb_use_builder":"off","_et_pb_old_content":"OBIETTIVI DEL CORSO\r\n\r\nIl corso di qualifica per Operatore Socio Sanitario \u00e8 volto a formare operatori in grado di intervenire nelle situazioni caratterizzate da mancanza temporanea e\/o permanente di autonomia psicofisica. Grazie alla formazione teorico-pratica e al tirocinio pratico, gli allievi avranno l\u2019opportunit\u00e0 di sviluppare competenze professionali volte a:\r\n<ul>\r\n \t<li>identificare, classificare ed interpretare le problematiche delle diverse tipologie di utenze (minori, anziani, persone con disabilit\u00e0, pazienti oncologici);<\/li>\r\n \t<li>conoscere l\u2019organizzazione dei servizi sociali e sanitari; acquisire elementi di igiene e prevenzione e di anatomia, fisiologia e dietetica;<\/li>\r\n \t<li>identificare gli elementi necessari alla pianificazione dell\u2019assistenza e applicare le conoscenze acquisite per mantenere un ambiente terapeutico adeguato alla cura della persona e per applicare le diverse metodologie operative di carattere sanitario sugli assistiti.<\/li>\r\n<\/ul>\r\nIL CORSO E\u2019 ACCREDITATO DALLA REGIONE SICILIANA, ASSESSORATO ALLA SALUTE, AI SENSI DEL DECRETO DEL 12 AGOSTO 2020 (GURS N. 45\/2020) e ACCORDO STATO REGIONI DEL 22 FEBBRAIO 2001.\r\n\r\nPROGRAMMA \u2013 le materie di insegnamento sono articolate nelle seguenti aree disciplinari","_et_gb_content_width":"","_joinchat":[]},"product_brand":[],"product_cat":[23],"product_tag":[],"class_list":{"0":"post-3827","1":"product","2":"type-product","3":"status-publish","4":"has-post-thumbnail","6":"product_cat-energia-e-ambiente","8":"first","9":"instock","10":"shipping-taxable","11":"product-type-simple"},"yoast_head":"<!-- This site is optimized with the Yoast SEO plugin v27.0 - https:\/\/yoast.com\/product\/yoast-seo-wordpress\/ -->\n<title>Tecnico competente in acustica - Accademia Eraclitea<\/title>\n<meta name=\"robots\" content=\"index, follow, max-snippet:-1, max-image-preview:large, max-video-preview:-1\" \/>\n<link rel=\"canonical\" href=\"https:\/\/eraclitea.it\/it\/prodotto\/tecnico-competente-in-acustica\/\" \/>\n<meta property=\"og:locale\" content=\"it_IT\" \/>\n<meta property=\"og:type\" content=\"article\" \/>\n<meta property=\"og:title\" content=\"Tecnico competente in acustica - Accademia Eraclitea\" \/>\n<meta property=\"og:description\" content=\"180 ore Legge 26 ottobre 1995, n. 447 e decreti attuativi\" \/>\n<meta property=\"og:url\" content=\"https:\/\/eraclitea.it\/it\/prodotto\/tecnico-competente-in-acustica\/\" \/>\n<meta property=\"og:site_name\" content=\"Accademia Eraclitea\" \/>\n<meta property=\"article:modified_time\" content=\"2021-05-30T09:17:48+00:00\" \/>\n<meta property=\"og:image\" content=\"https:\/\/eraclitea.it\/it\/wp-content\/uploads\/2021\/03\/Corso-abilitante-per-tecnico-competente-in-acustica@2x.png\" \/>\n\t<meta property=\"og:image:width\" content=\"350\" \/>\n\t<meta property=\"og:image:height\" content=\"200\" \/>\n\t<meta property=\"og:image:type\" content=\"image\/png\" \/>\n<meta name=\"twitter:card\" content=\"summary_large_image\" \/>\n<meta name=\"twitter:label1\" content=\"Tempo di lettura stimato\" \/>\n\t<meta name=\"twitter:data1\" content=\"4 minuti\" \/>\n<script type=\"application\/ld+json\" class=\"yoast-schema-graph\">{\"@context\":\"https:\/\/schema.org\",\"@graph\":[{\"@type\":\"WebPage\",\"@id\":\"https:\/\/eraclitea.it\/it\/prodotto\/tecnico-competente-in-acustica\/\",\"url\":\"https:\/\/eraclitea.it\/it\/prodotto\/tecnico-competente-in-acustica\/\",\"name\":\"Tecnico competente in acustica - Accademia Eraclitea\",\"isPartOf\":{\"@id\":\"https:\/\/eraclitea.it\/it\/#website\"},\"primaryImageOfPage\":{\"@id\":\"https:\/\/eraclitea.it\/it\/prodotto\/tecnico-competente-in-acustica\/#primaryimage\"},\"image\":{\"@id\":\"https:\/\/eraclitea.it\/it\/prodotto\/tecnico-competente-in-acustica\/#primaryimage\"},\"thumbnailUrl\":\"https:\/\/eraclitea.it\/it\/wp-content\/uploads\/2021\/03\/Corso-abilitante-per-tecnico-competente-in-acustica@2x.png\",\"datePublished\":\"2021-03-21T19:10:39+00:00\",\"dateModified\":\"2021-05-30T09:17:48+00:00\",\"breadcrumb\":{\"@id\":\"https:\/\/eraclitea.it\/it\/prodotto\/tecnico-competente-in-acustica\/#breadcrumb\"},\"inLanguage\":\"it-IT\",\"potentialAction\":[{\"@type\":\"ReadAction\",\"target\":[\"https:\/\/eraclitea.it\/it\/prodotto\/tecnico-competente-in-acustica\/\"]}]},{\"@type\":\"ImageObject\",\"inLanguage\":\"it-IT\",\"@id\":\"https:\/\/eraclitea.it\/it\/prodotto\/tecnico-competente-in-acustica\/#primaryimage\",\"url\":\"https:\/\/eraclitea.it\/it\/wp-content\/uploads\/2021\/03\/Corso-abilitante-per-tecnico-competente-in-acustica@2x.png\",\"contentUrl\":\"https:\/\/eraclitea.it\/it\/wp-content\/uploads\/2021\/03\/Corso-abilitante-per-tecnico-competente-in-acustica@2x.png\",\"width\":350,\"height\":200},{\"@type\":\"BreadcrumbList\",\"@id\":\"https:\/\/eraclitea.it\/it\/prodotto\/tecnico-competente-in-acustica\/#breadcrumb\",\"itemListElement\":[{\"@type\":\"ListItem\",\"position\":1,\"name\":\"Home\",\"item\":\"https:\/\/eraclitea.it\/it\/\"},{\"@type\":\"ListItem\",\"position\":2,\"name\":\"Corsi\",\"item\":\"https:\/\/eraclitea.it\/it\/corsi\/\"},{\"@type\":\"ListItem\",\"position\":3,\"name\":\"Tecnico competente in acustica\"}]},{\"@type\":\"WebSite\",\"@id\":\"https:\/\/eraclitea.it\/it\/#website\",\"url\":\"https:\/\/eraclitea.it\/it\/\",\"name\":\"Accademia Eraclitea\",\"description\":\"Ente di Ricerca e di Alta Formazione Accreditato\",\"potentialAction\":[{\"@type\":\"SearchAction\",\"target\":{\"@type\":\"EntryPoint\",\"urlTemplate\":\"https:\/\/eraclitea.it\/it\/?s={search_term_string}\"},\"query-input\":{\"@type\":\"PropertyValueSpecification\",\"valueRequired\":true,\"valueName\":\"search_term_string\"}}],\"inLanguage\":\"it-IT\"}]}<\/script>\n<!-- \/ Yoast SEO plugin. -->","yoast_head_json":{"title":"Tecnico competente in acustica - Accademia Eraclitea","robots":{"index":"index","follow":"follow","max-snippet":"max-snippet:-1","max-image-preview":"max-image-preview:large","max-video-preview":"max-video-preview:-1"},"canonical":"https:\/\/eraclitea.it\/it\/prodotto\/tecnico-competente-in-acustica\/","og_locale":"it_IT","og_type":"article","og_title":"Tecnico competente in acustica - Accademia Eraclitea","og_description":"180 ore Legge 26 ottobre 1995, n. 447 e decreti attuativi","og_url":"https:\/\/eraclitea.it\/it\/prodotto\/tecnico-competente-in-acustica\/","og_site_name":"Accademia Eraclitea","article_modified_time":"2021-05-30T09:17:48+00:00","og_image":[{"width":350,"height":200,"url":"https:\/\/eraclitea.it\/it\/wp-content\/uploads\/2021\/03\/Corso-abilitante-per-tecnico-competente-in-acustica@2x.png","type":"image\/png"}],"twitter_card":"summary_large_image","twitter_misc":{"Tempo di lettura stimato":"4 minuti"},"schema":{"@context":"https:\/\/schema.org","@graph":[{"@type":"WebPage","@id":"https:\/\/eraclitea.it\/it\/prodotto\/tecnico-competente-in-acustica\/","url":"https:\/\/eraclitea.it\/it\/prodotto\/tecnico-competente-in-acustica\/","name":"Tecnico competente in acustica - Accademia Eraclitea","isPartOf":{"@id":"https:\/\/eraclitea.it\/it\/#website"},"primaryImageOfPage":{"@id":"https:\/\/eraclitea.it\/it\/prodotto\/tecnico-competente-in-acustica\/#primaryimage"},"image":{"@id":"https:\/\/eraclitea.it\/it\/prodotto\/tecnico-competente-in-acustica\/#primaryimage"},"thumbnailUrl":"https:\/\/eraclitea.it\/it\/wp-content\/uploads\/2021\/03\/Corso-abilitante-per-tecnico-competente-in-acustica@2x.png","datePublished":"2021-03-21T19:10:39+00:00","dateModified":"2021-05-30T09:17:48+00:00","breadcrumb":{"@id":"https:\/\/eraclitea.it\/it\/prodotto\/tecnico-competente-in-acustica\/#breadcrumb"},"inLanguage":"it-IT","potentialAction":[{"@type":"ReadAction","target":["https:\/\/eraclitea.it\/it\/prodotto\/tecnico-competente-in-acustica\/"]}]},{"@type":"ImageObject","inLanguage":"it-IT","@id":"https:\/\/eraclitea.it\/it\/prodotto\/tecnico-competente-in-acustica\/#primaryimage","url":"https:\/\/eraclitea.it\/it\/wp-content\/uploads\/2021\/03\/Corso-abilitante-per-tecnico-competente-in-acustica@2x.png","contentUrl":"https:\/\/eraclitea.it\/it\/wp-content\/uploads\/2021\/03\/Corso-abilitante-per-tecnico-competente-in-acustica@2x.png","width":350,"height":200},{"@type":"BreadcrumbList","@id":"https:\/\/eraclitea.it\/it\/prodotto\/tecnico-competente-in-acustica\/#breadcrumb","itemListElement":[{"@type":"ListItem","position":1,"name":"Home","item":"https:\/\/eraclitea.it\/it\/"},{"@type":"ListItem","position":2,"name":"Corsi","item":"https:\/\/eraclitea.it\/it\/corsi\/"},{"@type":"ListItem","position":3,"name":"Tecnico competente in acustica"}]},{"@type":"WebSite","@id":"https:\/\/eraclitea.it\/it\/#website","url":"https:\/\/eraclitea.it\/it\/","name":"Accademia Eraclitea","description":"Ente di Ricerca e di Alta Formazione Accreditato","potentialAction":[{"@type":"SearchAction","target":{"@type":"EntryPoint","urlTemplate":"https:\/\/eraclitea.it\/it\/?s={search_term_string}"},"query-input":{"@type":"PropertyValueSpecification","valueRequired":true,"valueName":"search_term_string"}}],"inLanguage":"it-IT"}]}},"jetpack_sharing_enabled":true,"_links":{"self":[{"href":"https:\/\/eraclitea.it\/it\/wp-json\/wp\/v2\/product\/3827","targetHints":{"allow":["GET"]}}],"collection":[{"href":"https:\/\/eraclitea.it\/it\/wp-json\/wp\/v2\/product"}],"about":[{"href":"https:\/\/eraclitea.it\/it\/wp-json\/wp\/v2\/types\/product"}],"replies":[{"embeddable":true,"href":"https:\/\/eraclitea.it\/it\/wp-json\/wp\/v2\/comments?post=3827"}],"wp:featuredmedia":[{"embeddable":true,"href":"https:\/\/eraclitea.it\/it\/wp-json\/wp\/v2\/media\/3850"}],"wp:attachment":[{"href":"https:\/\/eraclitea.it\/it\/wp-json\/wp\/v2\/media?parent=3827"}],"wp:term":[{"taxonomy":"product_brand","embeddable":true,"href":"https:\/\/eraclitea.it\/it\/wp-json\/wp\/v2\/product_brand?post=3827"},{"taxonomy":"product_cat","embeddable":true,"href":"https:\/\/eraclitea.it\/it\/wp-json\/wp\/v2\/product_cat?post=3827"},{"taxonomy":"product_tag","embeddable":true,"href":"https:\/\/eraclitea.it\/it\/wp-json\/wp\/v2\/product_tag?post=3827"}],"curies":[{"name":"wp","href":"https:\/\/api.w.org\/{rel}","templated":true}]}}