{"id":11284,"date":"2025-07-02T15:23:14","date_gmt":"2025-07-02T15:23:14","guid":{"rendered":"https:\/\/eraclitea.it\/it\/?post_type=product&#038;p=11284"},"modified":"2025-12-25T11:52:51","modified_gmt":"2025-12-25T11:52:51","slug":"il-triage-globale-aspetti-legali-e-giurisprudenza-corso-retraining-e-approfondimento-ed-rimini-17-e-18-novembre-2025","status":"publish","type":"product","link":"https:\/\/eraclitea.it\/it\/prodotto\/il-triage-globale-aspetti-legali-e-giurisprudenza-corso-retraining-e-approfondimento-ed-rimini-17-e-18-novembre-2025\/","title":{"rendered":"Il triage globale. Aspetti Legali e Giurisprudenza &#8211; Corso retraining e approfondimento &#8211; ed. Rimini &#8211; 17 e 18 Novembre 2025"},"content":{"rendered":"<div class=\"et_pb_module et_pb_blurb et_pb_blurb_1_tb_body et_pb_text_align_left et_pb_blurb_position_left et_pb_bg_layout_light\">\n<table style=\"border: 0px; height: 244px; width: 721px;\">\n<tbody>\n<tr>\n<td style=\"width: 38.75px;\"><a href=\"https:\/\/eraclitea.it\/it\/wp-content\/uploads\/2021\/01\/orolo2.png\"><img loading=\"lazy\" decoding=\"async\" class=\"alignnone wp-image-887 \" src=\"https:\/\/eraclitea.it\/it\/wp-content\/uploads\/2021\/03\/tempo.png\" alt=\"\" width=\"33\" height=\"33\" \/><\/a><\/td>\n<td style=\"width: 147.841px;\">\n<h4 class=\"et_pb_module_header\">Durata del corso:<\/h4>\n<\/td>\n<td style=\"width: 515.114px;\">\u00a02 giorni (17 e 18 Novembre 2025)<\/td>\n<\/tr>\n<tr>\n<td style=\"width: 38.75px;\"><a href=\"https:\/\/eraclitea.it\/it\/wp-content\/uploads\/2021\/03\/Tavola-da-disegno-\u2013-13.png\"><img loading=\"lazy\" decoding=\"async\" class=\"alignnone wp-image-3710 \" src=\"https:\/\/eraclitea.it\/it\/wp-content\/uploads\/2021\/03\/Tavola-da-disegno-\u2013-13-300x300.png\" alt=\"\" width=\"39\" height=\"39\" srcset=\"https:\/\/eraclitea.it\/it\/wp-content\/uploads\/2021\/03\/Tavola-da-disegno-\u2013-13-300x300.png 300w, https:\/\/eraclitea.it\/it\/wp-content\/uploads\/2021\/03\/Tavola-da-disegno-\u2013-13-150x150.png 150w, https:\/\/eraclitea.it\/it\/wp-content\/uploads\/2021\/03\/Tavola-da-disegno-\u2013-13-100x100.png 100w, https:\/\/eraclitea.it\/it\/wp-content\/uploads\/2021\/03\/Tavola-da-disegno-\u2013-13-64x64.png 64w, https:\/\/eraclitea.it\/it\/wp-content\/uploads\/2021\/03\/Tavola-da-disegno-\u2013-13.png 400w\" sizes=\"(max-width: 39px) 100vw, 39px\" \/><\/a><\/td>\n<td style=\"width: 147.841px;\">\n<h4>N. Partecipanti:<\/h4>\n<\/td>\n<td style=\"width: 515.114px;\">Max 50<\/p>\n<p>Le iscrizioni si chiudono 5 giorni prima dell&#8217;inizio del corso.<\/td>\n<\/tr>\n<tr>\n<td style=\"width: 38.75px;\"><a href=\"https:\/\/eraclitea.it\/it\/wp-content\/uploads\/2021\/04\/Tavola-da-disegno-\u2013-13-2.png\"><img loading=\"lazy\" decoding=\"async\" class=\"alignnone size-medium wp-image-5967\" src=\"https:\/\/eraclitea.it\/it\/wp-content\/uploads\/2021\/04\/Tavola-da-disegno-\u2013-13-2-300x300.png\" alt=\"\" width=\"300\" height=\"300\" \/><\/a><\/td>\n<td style=\"width: 147.841px;\">\n<h4>A chi \u00e8 rivolto:<\/h4>\n<\/td>\n<td style=\"width: 515.114px;\">\u00a0Infermiere, Infermiere Pediatrico Medico tutte le specializzazioni, Ostetrica\/o<\/td>\n<\/tr>\n<\/tbody>\n<\/table>\n<\/div>\n<div><\/div>\n<div>\n<h3><a href=\"https:\/\/eraclitea.it\/it\/wp-content\/uploads\/2025\/08\/10-aspetti-legali-2025-unito-def.pdf\">&gt; <strong>SCARICA LOCANDINA<\/strong><\/a><\/h3>\n<\/div>\n<h3>Il corso<\/h3>\n<div>Nell&#8217;attivit\u00e0 sanitaria, notevole importanza assumono gli aspetti inerenti la responsabilit\u00e0 professionale e gli aspetti legali. Anche per quanto riguarda l\u2019attivit\u00e0 di triage vi \u00e8 notevole attenzione a queste problematiche ed ultimamente inizia ad essere presente casistica giurisprudenziale.<br data-start=\"382\" data-end=\"385\" \/>Il corso sugli aspetti legali offre ai professionisti del settore una opportunit\u00e0 per acquisire o affinare conoscenze riguardanti le principali problematiche inerenti la responsabilit\u00e0 professionale nell\u2019emergenza-urgenza e l\u2019attivit\u00e0 di Pronto Soccorso con particolare attenzione alle specificit\u00e0 del triage. Particolare attenzione sar\u00e0 dedicata anche all\u2019analisi della legge n\u00b024 8\/3\/2017 e delle principali ripercussioni in materia di responsabilit\u00e0 professionale degli esercenti le professioni sanitarie.<br data-start=\"893\" data-end=\"896\" \/>Il confronto tra esperti e professionisti operanti sul campo, la discussione della casistica giurisprudenziale e l\u2019analisi di alcune situazioni critiche permetteranno di definire concretamente criteri utili a guidare la pratica professionale secondo requisiti di sicurezza per operatori, responsabili e pazienti.<br data-start=\"1208\" data-end=\"1211\" \/>Il corso nel primo giorno realizza un retraining sul modello del triage globale con il nuovo sistema di codifica a 5 livelli di priorit\u00e0, in linea con quanto previsto relativamente alla formazione permanente dalla normativa nazionale, e tratta i punti essenziali dei tre documenti pubblicati il 1\/8\/2019 dal Ministero della Salute: <em data-start=\"1543\" data-end=\"1591\">Linee di Indirizzo sul triage intraospedaliero<\/em>, <em data-start=\"1593\" data-end=\"1598\">OBI<\/em> e <em data-start=\"1601\" data-end=\"1673\">Sviluppo del Piano di Gestione del Sovraffollamento in Pronto Soccorso<\/em>.<\/div>\n<div><\/div>\n<h3><\/h3>\n<h3><\/h3>\n<p>&nbsp;<\/p>\n<h3>Obiettivi formativi<\/h3>\n<ul data-start=\"114\" data-end=\"1105\">\n<li data-start=\"114\" data-end=\"262\">\n<p data-start=\"116\" data-end=\"262\">Rinforzare ed approfondire il sistema di Triage Globale: modello ed obiettivi, metodologia di valutazione, criteri di determinazione dei codici;<\/p>\n<\/li>\n<li data-start=\"263\" data-end=\"417\">\n<p data-start=\"265\" data-end=\"417\">Applicare la metodologia di valutazione di triage secondo il modello globale nelle principali condizioni sintomatologiche che si presentano in triage;<\/p>\n<\/li>\n<li data-start=\"418\" data-end=\"600\">\n<p data-start=\"420\" data-end=\"600\">Applicare il sistema di codifica a 5 livelli di priorit\u00e0 previsto dalle Linee di indirizzo nazionali 2019 alle principali condizioni sintomatologiche che si presentano in triage;<\/p>\n<\/li>\n<li data-start=\"601\" data-end=\"791\">\n<p data-start=\"603\" data-end=\"791\">Acquisire conoscenze relativamente ai concetti di responsabilit\u00e0 penale, civile, disciplinare ed ordinistica, con specifico riferimento ai professionisti esercenti professione sanitarie;<\/p>\n<\/li>\n<li data-start=\"792\" data-end=\"957\">\n<p data-start=\"794\" data-end=\"957\">Acquisire competenze per la gestione delle problematiche legate agli aspetti legali dell\u2019attivit\u00e0 professionale del profilo di appartenenza e di Pronto Soccorso;<\/p>\n<\/li>\n<li data-start=\"958\" data-end=\"1105\">\n<p data-start=\"960\" data-end=\"1105\">Acquisire competenze per la gestione delle problematiche legate agli aspetti legali dell&#8217;attivit\u00e0 di Pronto Soccorso nello specifico di triage.<\/p>\n<\/li>\n<\/ul>\n<p data-start=\"1107\" data-end=\"1430\"><strong data-start=\"1107\" data-end=\"1125\">Obiettivo ECM:<\/strong> N\u00b0 35), Argomenti di carattere generale: sanit\u00e0 digitale, informatica di livello avanzato e lingua inglese scientifica. Normativa in materia sanitaria: i principi etici e civili del SSN e normativa su materie oggetto delle singole professioni sanitarie, con acquisizione di nozioni tecnico-professionali.<\/p>\n<h3>Sede di svolgimento:<\/h3>\n<p>Hotel Litoraneo &#8211; Viale Regina Elena 22<\/p>\n<p>&nbsp;<\/p>\n<h3>Quote<\/h3>\n<ul>\n<li>Quota standard euro 245,00<\/li>\n<li>Quota socio GFT euro 210,00<\/li>\n<\/ul>\n<p><strong>La quota di iscrizione comprende<\/strong>: &#8211;<\/p>\n<p><strong>Disdette e rimborsi<\/strong>: &#8211;<\/p>\n<p>La Segreteria organizzativa si riserva di non attivare il corso qualora non sia raggiunto il numero minimo di partecipanti previsto. In questo caso verranno concordate con gli iscritti le modalit\u00e0 di rimborso.<\/p>\n<p>&nbsp;<\/p>\n<h3>Metodologie didattiche<\/h3>\n<ul>\n<li>Lezioni frontali ed interattive<\/li>\n<li>Esercitazioni a piccoli gruppi<\/li>\n<li>Discussione di casi clinici<\/li>\n<li>Discussioni guidate<\/li>\n<\/ul>\n<p>&nbsp;<\/p>\n<h3>Responsabili Scientifici<\/h3>\n<p>Sergio Fucci &#8211; Andrea Dellepiane<\/p>\n<p>&nbsp;<\/p>\n<h3>Coordinatore del corso<\/h3>\n<p>Daniele Marchisio<\/p>\n<p>&nbsp;<\/p>\n<h3>Relatori &amp; Tutori<\/h3>\n<div class='et-learn-more clearfix'>\n\t\t\t\t\t<h3 class='heading-more'>apri elenco<span class='et_learnmore_arrow'><span><\/span><\/span><\/h3>\n\t\t\t\t\t<div class='learn-more-content'><ul data-start=\"107\" data-end=\"3482\">\n<li data-start=\"107\" data-end=\"161\">\n<p data-start=\"109\" data-end=\"161\">Lorena Alessandri \u2013 Infermiera, Pietra Ligure (SV)<\/p>\n<\/li>\n<li data-start=\"162\" data-end=\"220\">\n<p data-start=\"164\" data-end=\"220\">Silvia Ambrosio \u2013 Coordinatore infermieristico, Torino<\/p>\n<\/li>\n<li data-start=\"221\" data-end=\"267\">\n<p data-start=\"223\" data-end=\"267\">Maurizio Arlanti \u2013 Infermiere, Alessandria<\/p>\n<\/li>\n<li data-start=\"268\" data-end=\"338\">\n<p data-start=\"270\" data-end=\"338\">Giuseppe Avellino \u2013 Coordinatore infermieristico, Caltagirone (CT)<\/p>\n<\/li>\n<li data-start=\"339\" data-end=\"381\">\n<p data-start=\"341\" data-end=\"381\">Mauro Bellifemine \u2013 Infermiere, Modena<\/p>\n<\/li>\n<li data-start=\"382\" data-end=\"438\">\n<p data-start=\"384\" data-end=\"438\">Stefano Benso \u2013 Coordinatore infermieristico, Torino<\/p>\n<\/li>\n<li data-start=\"439\" data-end=\"501\">\n<p data-start=\"441\" data-end=\"501\">Patrizia Boido \u2013 Coordinatore infermieristico, Alessandria<\/p>\n<\/li>\n<li data-start=\"502\" data-end=\"556\">\n<p data-start=\"504\" data-end=\"556\">Davide Boni \u2013 Coordinatore infermieristico, Modena<\/p>\n<\/li>\n<li data-start=\"557\" data-end=\"605\">\n<p data-start=\"559\" data-end=\"605\">Pietro Bordignon \u2013 Infermiere, Reggio Emilia<\/p>\n<\/li>\n<li data-start=\"606\" data-end=\"646\">\n<p data-start=\"608\" data-end=\"646\">Arianna Bozzola \u2013 Infermiera, Torino<\/p>\n<\/li>\n<li data-start=\"647\" data-end=\"690\">\n<p data-start=\"649\" data-end=\"690\">Duilio Braglia \u2013 Medico, Scandiano (RE)<\/p>\n<\/li>\n<li data-start=\"691\" data-end=\"746\">\n<p data-start=\"693\" data-end=\"746\">Angela Bruni \u2013 Coordinatore infermieristico, Modena<\/p>\n<\/li>\n<li data-start=\"747\" data-end=\"817\">\n<p data-start=\"749\" data-end=\"817\">Maurizio Castellucci \u2013 Coordinatore infermieristico, Policoro (MT)<\/p>\n<\/li>\n<li data-start=\"818\" data-end=\"874\">\n<p data-start=\"820\" data-end=\"874\">Elisa Ceciarini \u2013 Infermiera, Citt\u00e0 di Castello (PG)<\/p>\n<\/li>\n<li data-start=\"875\" data-end=\"932\">\n<p data-start=\"877\" data-end=\"932\">Valeria Crudo \u2013 Coordinatore infermieristico, Imperia<\/p>\n<\/li>\n<li data-start=\"933\" data-end=\"968\">\n<p data-start=\"935\" data-end=\"968\">Meris Cuscini \u2013 Medico, Ravenna<\/p>\n<\/li>\n<li data-start=\"969\" data-end=\"1016\">\n<p data-start=\"971\" data-end=\"1016\">Isabella Dall&#8217;Osso \u2013 Infermiere, Imola (BO)<\/p>\n<\/li>\n<li data-start=\"1017\" data-end=\"1058\">\n<p data-start=\"1019\" data-end=\"1058\">Eduardo De Maria \u2013 Infermiere, Napoli<\/p>\n<\/li>\n<li data-start=\"1059\" data-end=\"1116\">\n<p data-start=\"1061\" data-end=\"1116\">Daniele De Nuzzo \u2013 Coordinatore infermieristico, Roma<\/p>\n<\/li>\n<li data-start=\"1117\" data-end=\"1159\">\n<p data-start=\"1119\" data-end=\"1159\">Andrea Dellepiane \u2013 Infermiere, Genova<\/p>\n<\/li>\n<li data-start=\"1160\" data-end=\"1200\">\n<p data-start=\"1162\" data-end=\"1200\">Angela Desiante \u2013 Infermiera, Torino<\/p>\n<\/li>\n<li data-start=\"1201\" data-end=\"1252\">\n<p data-start=\"1203\" data-end=\"1252\">Daniela Fedoce \u2013 Infermiera pediatrica, Firenze<\/p>\n<\/li>\n<li data-start=\"1253\" data-end=\"1320\">\n<p data-start=\"1255\" data-end=\"1320\">Claudio Filippini \u2013 Infermiere, Castiglione delle Stiviere (MN)<\/p>\n<\/li>\n<li data-start=\"1321\" data-end=\"1369\">\n<p data-start=\"1323\" data-end=\"1369\">Loredana Finucci \u2013 Infermiera, Avezzano (AQ)<\/p>\n<\/li>\n<li data-start=\"1370\" data-end=\"1408\">\n<p data-start=\"1372\" data-end=\"1408\">Dania Francia \u2013 Infermiera, Teramo<\/p>\n<\/li>\n<li data-start=\"1409\" data-end=\"1444\">\n<p data-start=\"1411\" data-end=\"1444\">Paola Frati \u2013 Infermiera, Parma<\/p>\n<\/li>\n<li data-start=\"1445\" data-end=\"1482\">\n<p data-start=\"1447\" data-end=\"1482\">Sergio Fucci \u2013 Magistrato, Milano<\/p>\n<\/li>\n<li data-start=\"1483\" data-end=\"1524\">\n<p data-start=\"1485\" data-end=\"1524\">Samanta Gaboardi \u2013 Infermiera, Biella<\/p>\n<\/li>\n<li data-start=\"1525\" data-end=\"1563\">\n<p data-start=\"1527\" data-end=\"1563\">Giuseppe Gargiulo \u2013 Medico, Torino<\/p>\n<\/li>\n<li data-start=\"1564\" data-end=\"1601\">\n<p data-start=\"1566\" data-end=\"1601\">Marco Garnero \u2013 Infermiere, Cuneo<\/p>\n<\/li>\n<li data-start=\"1602\" data-end=\"1647\">\n<p data-start=\"1604\" data-end=\"1647\">Samuele Giancarli \u2013 Infermiere, Fano (PU)<\/p>\n<\/li>\n<li data-start=\"1648\" data-end=\"1694\">\n<p data-start=\"1650\" data-end=\"1694\">Margherita Gulinelli \u2013 Infermiera, Ferrara<\/p>\n<\/li>\n<li data-start=\"1695\" data-end=\"1739\">\n<p data-start=\"1697\" data-end=\"1739\">Alessandra Luciani \u2013 Infermiera, Pescara<\/p>\n<\/li>\n<li data-start=\"1740\" data-end=\"1784\">\n<p data-start=\"1742\" data-end=\"1784\">Chiara Macario \u2013 Infermiera, Alessandria<\/p>\n<\/li>\n<li data-start=\"1785\" data-end=\"1844\">\n<p data-start=\"1787\" data-end=\"1844\">Carla Maestrini \u2013 Coordinatore infermieristico, Cremona<\/p>\n<\/li>\n<li data-start=\"1845\" data-end=\"1893\">\n<p data-start=\"1847\" data-end=\"1893\">Tatiana Malacrida \u2013 Infermiera, Mondov\u00ec (CN)<\/p>\n<\/li>\n<li data-start=\"1894\" data-end=\"1935\">\n<p data-start=\"1896\" data-end=\"1935\">Francesco Malara \u2013 Infermiere, Torino<\/p>\n<\/li>\n<li data-start=\"1936\" data-end=\"1976\">\n<p data-start=\"1938\" data-end=\"1976\">Matteo Mameli \u2013 Infermiere, Cagliari<\/p>\n<\/li>\n<li data-start=\"1977\" data-end=\"2027\">\n<p data-start=\"1979\" data-end=\"2027\">Alessandro Mancini \u2013 Infermiere, Ascoli Piceno<\/p>\n<\/li>\n<li data-start=\"2028\" data-end=\"2075\">\n<p data-start=\"2030\" data-end=\"2075\">Michele Mancini \u2013 Infermiere, Manerbio (BS)<\/p>\n<\/li>\n<li data-start=\"2076\" data-end=\"2112\">\n<p data-start=\"2078\" data-end=\"2112\">Claudia Mandolini \u2013 Medico, Roma<\/p>\n<\/li>\n<li data-start=\"2113\" data-end=\"2157\">\n<p data-start=\"2115\" data-end=\"2157\">Fabrizio Marchesani \u2013 Infermiere, Torino<\/p>\n<\/li>\n<li data-start=\"2158\" data-end=\"2218\">\n<p data-start=\"2160\" data-end=\"2218\">Daniele Marchisio \u2013 Coordinatore infermieristico, Torino<\/p>\n<\/li>\n<li data-start=\"2219\" data-end=\"2283\">\n<p data-start=\"2221\" data-end=\"2283\">Stefano Marcolin \u2013 Coordinatore infermieristico, Lonigo (VI)<\/p>\n<\/li>\n<li data-start=\"2284\" data-end=\"2322\">\n<p data-start=\"2286\" data-end=\"2322\">Mario Mattone \u2013 Infermiere, Ragusa<\/p>\n<\/li>\n<li data-start=\"2323\" data-end=\"2358\">\n<p data-start=\"2325\" data-end=\"2358\">Carola Matta \u2013 Avvocato, Torino<\/p>\n<\/li>\n<li data-start=\"2359\" data-end=\"2396\">\n<p data-start=\"2361\" data-end=\"2396\">Aurora Menna \u2013 Infermiera, Napoli<\/p>\n<\/li>\n<li data-start=\"2397\" data-end=\"2438\">\n<p data-start=\"2399\" data-end=\"2438\">Nicholas Milani \u2013 Infermiere, Bologna<\/p>\n<\/li>\n<li data-start=\"2439\" data-end=\"2477\">\n<p data-start=\"2441\" data-end=\"2477\">Stefania Milione \u2013 Medico, Potenza<\/p>\n<\/li>\n<li data-start=\"2478\" data-end=\"2520\">\n<p data-start=\"2480\" data-end=\"2520\">Massimo Monchini \u2013 Infermiere, Mantova<\/p>\n<\/li>\n<li data-start=\"2521\" data-end=\"2563\">\n<p data-start=\"2523\" data-end=\"2563\">Francesca Morello \u2013 Infermiera, Torino<\/p>\n<\/li>\n<li data-start=\"2564\" data-end=\"2605\">\n<p data-start=\"2566\" data-end=\"2605\">Federica Morotti \u2013 Infermiera, Modena<\/p>\n<\/li>\n<li data-start=\"2606\" data-end=\"2643\">\n<p data-start=\"2608\" data-end=\"2643\">Andrea Orr\u00f9 \u2013 Infermiere, Sassari<\/p>\n<\/li>\n<li data-start=\"2644\" data-end=\"2685\">\n<p data-start=\"2646\" data-end=\"2685\">Debora Pagliaro \u2013 Infermiera, Sassari<\/p>\n<\/li>\n<li data-start=\"2686\" data-end=\"2726\">\n<p data-start=\"2688\" data-end=\"2726\">Roberto Panato \u2013 Infermiere, Bolzano<\/p>\n<\/li>\n<li data-start=\"2727\" data-end=\"2767\">\n<p data-start=\"2729\" data-end=\"2767\">Edoardo Pennacchio \u2013 Medico, Potenza<\/p>\n<\/li>\n<li data-start=\"2768\" data-end=\"2816\">\n<p data-start=\"2770\" data-end=\"2816\">Laura Peresi \u2013 Infermiera Pediatrica, Genova<\/p>\n<\/li>\n<li data-start=\"2817\" data-end=\"2862\">\n<p data-start=\"2819\" data-end=\"2862\">Antonella Pericolo \u2013 Infermiera, Avellino<\/p>\n<\/li>\n<li data-start=\"2863\" data-end=\"2906\">\n<p data-start=\"2865\" data-end=\"2906\">Domenico Petronzi \u2013 Infermiere, Ferrara<\/p>\n<\/li>\n<li data-start=\"2907\" data-end=\"2953\">\n<p data-start=\"2909\" data-end=\"2953\">Gianluigi Piazzolla \u2013 Infermiere, Barletta<\/p>\n<\/li>\n<li data-start=\"2954\" data-end=\"3014\">\n<p data-start=\"2956\" data-end=\"3014\">Federico Podeschi \u2013 Infermiere, Repubblica di San Marino<\/p>\n<\/li>\n<li data-start=\"3015\" data-end=\"3051\">\n<p data-start=\"3017\" data-end=\"3051\">Fabrizio Polo \u2013 Medico, Cagliari<\/p>\n<\/li>\n<li data-start=\"3052\" data-end=\"3092\">\n<p data-start=\"3054\" data-end=\"3092\">Libero Prencipe \u2013 Infermiere, Modena<\/p>\n<\/li>\n<li data-start=\"3093\" data-end=\"3132\">\n<p data-start=\"3095\" data-end=\"3132\">Mara Ricci \u2013 Infermiera, Senigallia<\/p>\n<\/li>\n<li data-start=\"3133\" data-end=\"3189\">\n<p data-start=\"3135\" data-end=\"3189\">Donato Summa \u2013 Coordinatore infermieristico, Potenza<\/p>\n<\/li>\n<li data-start=\"3190\" data-end=\"3227\">\n<p data-start=\"3192\" data-end=\"3227\">Katia Tassi \u2013 Infermiera, Mantova<\/p>\n<\/li>\n<li data-start=\"3228\" data-end=\"3281\">\n<p data-start=\"3230\" data-end=\"3281\">Lavinia Francesca Testa \u2013 Infermiera, Alessandria<\/p>\n<\/li>\n<li data-start=\"3282\" data-end=\"3324\">\n<p data-start=\"3284\" data-end=\"3324\">Laura Trabucco \u2013 Medico, Reggio Emilia<\/p>\n<\/li>\n<li data-start=\"3325\" data-end=\"3361\">\n<p data-start=\"3327\" data-end=\"3361\">Matteo Traversa \u2013 Medico, Torino<\/p>\n<\/li>\n<li data-start=\"3362\" data-end=\"3402\">\n<p data-start=\"3364\" data-end=\"3402\">Alice Trincas \u2013 Infermiera, Cagliari<\/p>\n<\/li>\n<li data-start=\"3403\" data-end=\"3442\">\n<p data-start=\"3405\" data-end=\"3442\">Mirta Trombini \u2013 Infermiera, Modena<\/p>\n<\/li>\n<li data-start=\"3443\" data-end=\"3482\">\n<p data-start=\"3445\" data-end=\"3482\">Lucia Villani \u2013 Infermiera, Jesi (AN)<\/p>\n<\/li>\n<\/ul><\/div>\n\t\t\t\t<\/div>\n<p>&nbsp;<\/p>\n<h3>Certificazione<\/h3>\n<p>18 Crediti ECM<\/p>\n<p>&nbsp;<\/p>\n<p>&nbsp;<\/p>\n<p><code><\/code><\/p>\n","protected":false},"excerpt":{"rendered":"<h4>Organizzato dal &#8220;G.F.T. \u00abGruppo Formazione Triage&#8221;<\/h4>\n","protected":false},"featured_media":11385,"comment_status":"open","ping_status":"closed","template":"","meta":{"_et_pb_use_builder":"off","_et_pb_old_content":"OBIETTIVI DEL CORSO\r\n\r\nIl corso di qualifica per Operatore Socio Sanitario \u00e8 volto a formare operatori in grado di intervenire nelle situazioni caratterizzate da mancanza temporanea e\/o permanente di autonomia psicofisica. Grazie alla formazione teorico-pratica e al tirocinio pratico, gli allievi avranno l\u2019opportunit\u00e0 di sviluppare competenze professionali volte a:\r\n<ul>\r\n \t<li>identificare, classificare ed interpretare le problematiche delle diverse tipologie di utenze (minori, anziani, persone con disabilit\u00e0, pazienti oncologici);<\/li>\r\n \t<li>conoscere l\u2019organizzazione dei servizi sociali e sanitari; acquisire elementi di igiene e prevenzione e di anatomia, fisiologia e dietetica;<\/li>\r\n \t<li>identificare gli elementi necessari alla pianificazione dell\u2019assistenza e applicare le conoscenze acquisite per mantenere un ambiente terapeutico adeguato alla cura della persona e per applicare le diverse metodologie operative di carattere sanitario sugli assistiti.<\/li>\r\n<\/ul>\r\nIL CORSO E\u2019 ACCREDITATO DALLA REGIONE SICILIANA, ASSESSORATO ALLA SALUTE, AI SENSI DEL DECRETO DEL 12 AGOSTO 2020 (GURS N. 45\/2020) e ACCORDO STATO REGIONI DEL 22 FEBBRAIO 2001.\r\n\r\nPROGRAMMA \u2013 le materie di insegnamento sono articolate nelle seguenti aree disciplinari","_et_gb_content_width":"","_joinchat":[]},"product_brand":[],"product_cat":[100,175],"product_tag":[],"class_list":{"0":"post-11284","1":"product","2":"type-product","3":"status-publish","4":"has-post-thumbnail","6":"product_cat-ecm","7":"product_cat-triage","9":"first","10":"instock","11":"shipping-taxable","12":"product-type-simple"},"yoast_head":"<!-- This site is optimized with the Yoast SEO plugin v27.0 - https:\/\/yoast.com\/product\/yoast-seo-wordpress\/ -->\n<title>Il triage globale. Aspetti Legali e Giurisprudenza - Corso retraining e approfondimento - ed. Rimini - 17 e 18 Novembre 2025 - Accademia Eraclitea<\/title>\n<meta name=\"robots\" content=\"index, follow, max-snippet:-1, max-image-preview:large, max-video-preview:-1\" \/>\n<link rel=\"canonical\" href=\"https:\/\/eraclitea.it\/it\/prodotto\/il-triage-globale-aspetti-legali-e-giurisprudenza-corso-retraining-e-approfondimento-ed-rimini-17-e-18-novembre-2025\/\" \/>\n<meta property=\"og:locale\" content=\"it_IT\" \/>\n<meta property=\"og:type\" content=\"article\" \/>\n<meta property=\"og:title\" content=\"Il triage globale. Aspetti Legali e Giurisprudenza - Corso retraining e approfondimento - ed. Rimini - 17 e 18 Novembre 2025 - Accademia Eraclitea\" \/>\n<meta property=\"og:description\" content=\"Organizzato dal &quot;G.F.T. \u00abGruppo Formazione Triage&quot;\" \/>\n<meta property=\"og:url\" content=\"https:\/\/eraclitea.it\/it\/prodotto\/il-triage-globale-aspetti-legali-e-giurisprudenza-corso-retraining-e-approfondimento-ed-rimini-17-e-18-novembre-2025\/\" \/>\n<meta property=\"og:site_name\" content=\"Accademia Eraclitea\" \/>\n<meta property=\"article:modified_time\" content=\"2025-12-25T11:52:51+00:00\" \/>\n<meta property=\"og:image\" content=\"https:\/\/eraclitea.it\/it\/wp-content\/uploads\/2025\/07\/10-aspetti-legali-2025-unito-def.jpg\" \/>\n\t<meta property=\"og:image:width\" content=\"300\" \/>\n\t<meta property=\"og:image:height\" content=\"200\" \/>\n\t<meta property=\"og:image:type\" content=\"image\/jpeg\" \/>\n<meta name=\"twitter:card\" content=\"summary_large_image\" \/>\n<meta name=\"twitter:label1\" content=\"Tempo di lettura stimato\" \/>\n\t<meta name=\"twitter:data1\" content=\"6 minuti\" \/>\n<script type=\"application\/ld+json\" class=\"yoast-schema-graph\">{\"@context\":\"https:\/\/schema.org\",\"@graph\":[{\"@type\":\"WebPage\",\"@id\":\"https:\/\/eraclitea.it\/it\/prodotto\/il-triage-globale-aspetti-legali-e-giurisprudenza-corso-retraining-e-approfondimento-ed-rimini-17-e-18-novembre-2025\/\",\"url\":\"https:\/\/eraclitea.it\/it\/prodotto\/il-triage-globale-aspetti-legali-e-giurisprudenza-corso-retraining-e-approfondimento-ed-rimini-17-e-18-novembre-2025\/\",\"name\":\"Il triage globale. Aspetti Legali e Giurisprudenza - Corso retraining e approfondimento - ed. Rimini - 17 e 18 Novembre 2025 - Accademia Eraclitea\",\"isPartOf\":{\"@id\":\"https:\/\/eraclitea.it\/it\/#website\"},\"primaryImageOfPage\":{\"@id\":\"https:\/\/eraclitea.it\/it\/prodotto\/il-triage-globale-aspetti-legali-e-giurisprudenza-corso-retraining-e-approfondimento-ed-rimini-17-e-18-novembre-2025\/#primaryimage\"},\"image\":{\"@id\":\"https:\/\/eraclitea.it\/it\/prodotto\/il-triage-globale-aspetti-legali-e-giurisprudenza-corso-retraining-e-approfondimento-ed-rimini-17-e-18-novembre-2025\/#primaryimage\"},\"thumbnailUrl\":\"https:\/\/eraclitea.it\/it\/wp-content\/uploads\/2025\/07\/10-aspetti-legali-2025-unito-def.jpg\",\"datePublished\":\"2025-07-02T15:23:14+00:00\",\"dateModified\":\"2025-12-25T11:52:51+00:00\",\"breadcrumb\":{\"@id\":\"https:\/\/eraclitea.it\/it\/prodotto\/il-triage-globale-aspetti-legali-e-giurisprudenza-corso-retraining-e-approfondimento-ed-rimini-17-e-18-novembre-2025\/#breadcrumb\"},\"inLanguage\":\"it-IT\",\"potentialAction\":[{\"@type\":\"ReadAction\",\"target\":[\"https:\/\/eraclitea.it\/it\/prodotto\/il-triage-globale-aspetti-legali-e-giurisprudenza-corso-retraining-e-approfondimento-ed-rimini-17-e-18-novembre-2025\/\"]}]},{\"@type\":\"ImageObject\",\"inLanguage\":\"it-IT\",\"@id\":\"https:\/\/eraclitea.it\/it\/prodotto\/il-triage-globale-aspetti-legali-e-giurisprudenza-corso-retraining-e-approfondimento-ed-rimini-17-e-18-novembre-2025\/#primaryimage\",\"url\":\"https:\/\/eraclitea.it\/it\/wp-content\/uploads\/2025\/07\/10-aspetti-legali-2025-unito-def.jpg\",\"contentUrl\":\"https:\/\/eraclitea.it\/it\/wp-content\/uploads\/2025\/07\/10-aspetti-legali-2025-unito-def.jpg\",\"width\":300,\"height\":200},{\"@type\":\"BreadcrumbList\",\"@id\":\"https:\/\/eraclitea.it\/it\/prodotto\/il-triage-globale-aspetti-legali-e-giurisprudenza-corso-retraining-e-approfondimento-ed-rimini-17-e-18-novembre-2025\/#breadcrumb\",\"itemListElement\":[{\"@type\":\"ListItem\",\"position\":1,\"name\":\"Home\",\"item\":\"https:\/\/eraclitea.it\/it\/\"},{\"@type\":\"ListItem\",\"position\":2,\"name\":\"Corsi\",\"item\":\"https:\/\/eraclitea.it\/it\/corsi\/\"},{\"@type\":\"ListItem\",\"position\":3,\"name\":\"Il triage globale. Aspetti Legali e Giurisprudenza &#8211; Corso retraining e approfondimento &#8211; ed. Rimini &#8211; 17 e 18 Novembre 2025\"}]},{\"@type\":\"WebSite\",\"@id\":\"https:\/\/eraclitea.it\/it\/#website\",\"url\":\"https:\/\/eraclitea.it\/it\/\",\"name\":\"Accademia Eraclitea\",\"description\":\"Ente di Ricerca e di Alta Formazione Accreditato\",\"potentialAction\":[{\"@type\":\"SearchAction\",\"target\":{\"@type\":\"EntryPoint\",\"urlTemplate\":\"https:\/\/eraclitea.it\/it\/?s={search_term_string}\"},\"query-input\":{\"@type\":\"PropertyValueSpecification\",\"valueRequired\":true,\"valueName\":\"search_term_string\"}}],\"inLanguage\":\"it-IT\"}]}<\/script>\n<!-- \/ Yoast SEO plugin. -->","yoast_head_json":{"title":"Il triage globale. Aspetti Legali e Giurisprudenza - Corso retraining e approfondimento - ed. Rimini - 17 e 18 Novembre 2025 - Accademia Eraclitea","robots":{"index":"index","follow":"follow","max-snippet":"max-snippet:-1","max-image-preview":"max-image-preview:large","max-video-preview":"max-video-preview:-1"},"canonical":"https:\/\/eraclitea.it\/it\/prodotto\/il-triage-globale-aspetti-legali-e-giurisprudenza-corso-retraining-e-approfondimento-ed-rimini-17-e-18-novembre-2025\/","og_locale":"it_IT","og_type":"article","og_title":"Il triage globale. Aspetti Legali e Giurisprudenza - Corso retraining e approfondimento - ed. Rimini - 17 e 18 Novembre 2025 - Accademia Eraclitea","og_description":"Organizzato dal \"G.F.T. \u00abGruppo Formazione Triage\"","og_url":"https:\/\/eraclitea.it\/it\/prodotto\/il-triage-globale-aspetti-legali-e-giurisprudenza-corso-retraining-e-approfondimento-ed-rimini-17-e-18-novembre-2025\/","og_site_name":"Accademia Eraclitea","article_modified_time":"2025-12-25T11:52:51+00:00","og_image":[{"width":300,"height":200,"url":"https:\/\/eraclitea.it\/it\/wp-content\/uploads\/2025\/07\/10-aspetti-legali-2025-unito-def.jpg","type":"image\/jpeg"}],"twitter_card":"summary_large_image","twitter_misc":{"Tempo di lettura stimato":"6 minuti"},"schema":{"@context":"https:\/\/schema.org","@graph":[{"@type":"WebPage","@id":"https:\/\/eraclitea.it\/it\/prodotto\/il-triage-globale-aspetti-legali-e-giurisprudenza-corso-retraining-e-approfondimento-ed-rimini-17-e-18-novembre-2025\/","url":"https:\/\/eraclitea.it\/it\/prodotto\/il-triage-globale-aspetti-legali-e-giurisprudenza-corso-retraining-e-approfondimento-ed-rimini-17-e-18-novembre-2025\/","name":"Il triage globale. Aspetti Legali e Giurisprudenza - Corso retraining e approfondimento - ed. Rimini - 17 e 18 Novembre 2025 - Accademia Eraclitea","isPartOf":{"@id":"https:\/\/eraclitea.it\/it\/#website"},"primaryImageOfPage":{"@id":"https:\/\/eraclitea.it\/it\/prodotto\/il-triage-globale-aspetti-legali-e-giurisprudenza-corso-retraining-e-approfondimento-ed-rimini-17-e-18-novembre-2025\/#primaryimage"},"image":{"@id":"https:\/\/eraclitea.it\/it\/prodotto\/il-triage-globale-aspetti-legali-e-giurisprudenza-corso-retraining-e-approfondimento-ed-rimini-17-e-18-novembre-2025\/#primaryimage"},"thumbnailUrl":"https:\/\/eraclitea.it\/it\/wp-content\/uploads\/2025\/07\/10-aspetti-legali-2025-unito-def.jpg","datePublished":"2025-07-02T15:23:14+00:00","dateModified":"2025-12-25T11:52:51+00:00","breadcrumb":{"@id":"https:\/\/eraclitea.it\/it\/prodotto\/il-triage-globale-aspetti-legali-e-giurisprudenza-corso-retraining-e-approfondimento-ed-rimini-17-e-18-novembre-2025\/#breadcrumb"},"inLanguage":"it-IT","potentialAction":[{"@type":"ReadAction","target":["https:\/\/eraclitea.it\/it\/prodotto\/il-triage-globale-aspetti-legali-e-giurisprudenza-corso-retraining-e-approfondimento-ed-rimini-17-e-18-novembre-2025\/"]}]},{"@type":"ImageObject","inLanguage":"it-IT","@id":"https:\/\/eraclitea.it\/it\/prodotto\/il-triage-globale-aspetti-legali-e-giurisprudenza-corso-retraining-e-approfondimento-ed-rimini-17-e-18-novembre-2025\/#primaryimage","url":"https:\/\/eraclitea.it\/it\/wp-content\/uploads\/2025\/07\/10-aspetti-legali-2025-unito-def.jpg","contentUrl":"https:\/\/eraclitea.it\/it\/wp-content\/uploads\/2025\/07\/10-aspetti-legali-2025-unito-def.jpg","width":300,"height":200},{"@type":"BreadcrumbList","@id":"https:\/\/eraclitea.it\/it\/prodotto\/il-triage-globale-aspetti-legali-e-giurisprudenza-corso-retraining-e-approfondimento-ed-rimini-17-e-18-novembre-2025\/#breadcrumb","itemListElement":[{"@type":"ListItem","position":1,"name":"Home","item":"https:\/\/eraclitea.it\/it\/"},{"@type":"ListItem","position":2,"name":"Corsi","item":"https:\/\/eraclitea.it\/it\/corsi\/"},{"@type":"ListItem","position":3,"name":"Il triage globale. Aspetti Legali e Giurisprudenza &#8211; Corso retraining e approfondimento &#8211; ed. Rimini &#8211; 17 e 18 Novembre 2025"}]},{"@type":"WebSite","@id":"https:\/\/eraclitea.it\/it\/#website","url":"https:\/\/eraclitea.it\/it\/","name":"Accademia Eraclitea","description":"Ente di Ricerca e di Alta Formazione Accreditato","potentialAction":[{"@type":"SearchAction","target":{"@type":"EntryPoint","urlTemplate":"https:\/\/eraclitea.it\/it\/?s={search_term_string}"},"query-input":{"@type":"PropertyValueSpecification","valueRequired":true,"valueName":"search_term_string"}}],"inLanguage":"it-IT"}]}},"jetpack_sharing_enabled":true,"_links":{"self":[{"href":"https:\/\/eraclitea.it\/it\/wp-json\/wp\/v2\/product\/11284","targetHints":{"allow":["GET"]}}],"collection":[{"href":"https:\/\/eraclitea.it\/it\/wp-json\/wp\/v2\/product"}],"about":[{"href":"https:\/\/eraclitea.it\/it\/wp-json\/wp\/v2\/types\/product"}],"replies":[{"embeddable":true,"href":"https:\/\/eraclitea.it\/it\/wp-json\/wp\/v2\/comments?post=11284"}],"wp:featuredmedia":[{"embeddable":true,"href":"https:\/\/eraclitea.it\/it\/wp-json\/wp\/v2\/media\/11385"}],"wp:attachment":[{"href":"https:\/\/eraclitea.it\/it\/wp-json\/wp\/v2\/media?parent=11284"}],"wp:term":[{"taxonomy":"product_brand","embeddable":true,"href":"https:\/\/eraclitea.it\/it\/wp-json\/wp\/v2\/product_brand?post=11284"},{"taxonomy":"product_cat","embeddable":true,"href":"https:\/\/eraclitea.it\/it\/wp-json\/wp\/v2\/product_cat?post=11284"},{"taxonomy":"product_tag","embeddable":true,"href":"https:\/\/eraclitea.it\/it\/wp-json\/wp\/v2\/product_tag?post=11284"}],"curies":[{"name":"wp","href":"https:\/\/api.w.org\/{rel}","templated":true}]}}